{"id":4418,"date":"2023-10-26T09:52:39","date_gmt":"2023-10-26T08:52:39","guid":{"rendered":"https:\/\/portosantocharter.eu\/?page_id=4418"},"modified":"2025-09-23T00:36:48","modified_gmt":"2025-09-22T23:36:48","slug":"conference-programme","status":"publish","type":"page","link":"https:\/\/portosantocharter.eu\/pt\/conference-programme\/","title":{"rendered":"Conference Programme"},"content":{"rendered":"<div data-elementor-type=\"wp-page\" data-elementor-id=\"4418\" class=\"elementor elementor-4418\">\n\t\t\t\t\t\t<section class=\"has_eae_slider elementor-section elementor-top-section elementor-element elementor-element-48b68ec6 elementor-section-full_width elementor-section-height-full elementor-section-stretched elementor-section-height-default elementor-section-items-middle wpr-particle-no wpr-jarallax-no wpr-parallax-no wpr-sticky-section-no wpr-equal-height-no\" data-eae-slider=\"10733\" data-id=\"48b68ec6\" data-element_type=\"section\" data-e-type=\"section\" data-settings=\"{&quot;stretch_section&quot;:&quot;section-stretched&quot;,&quot;background_background&quot;:&quot;classic&quot;}\">\n\t\t\t\t\t\t<div class=\"elementor-container elementor-column-gap-default\">\n\t\t\t\t\t<div class=\"has_eae_slider elementor-column elementor-col-100 elementor-top-column elementor-element elementor-element-69125bc\" data-eae-slider=\"89263\" data-id=\"69125bc\" data-element_type=\"column\" data-e-type=\"column\">\n\t\t\t<div class=\"elementor-widget-wrap elementor-element-populated\">\n\t\t\t\t\t\t<div class=\"elementor-element elementor-element-7a230c58 elementor-widget elementor-widget-image\" data-id=\"7a230c58\" data-element_type=\"widget\" data-e-type=\"widget\" data-widget_type=\"image.default\">\n\t\t\t\t<div class=\"elementor-widget-container\">\n\t\t\t\t\t\t\t\t\t\t\t\t\t\t\t<img fetchpriority=\"high\" decoding=\"async\" data-attachment-id=\"4297\" data-permalink=\"https:\/\/portosantocharter.eu\/pt\/carta\/unknown-3\/\" data-orig-file=\"https:\/\/i0.wp.com\/portosantocharter.eu\/wp-content\/uploads\/2023\/10\/Unknown-3.png?fit=700%2C700&amp;ssl=1\" data-orig-size=\"700,700\" data-comments-opened=\"0\" data-image-meta=\"{&quot;aperture&quot;:&quot;0&quot;,&quot;credit&quot;:&quot;&quot;,&quot;camera&quot;:&quot;&quot;,&quot;caption&quot;:&quot;&quot;,&quot;created_timestamp&quot;:&quot;0&quot;,&quot;copyright&quot;:&quot;&quot;,&quot;focal_length&quot;:&quot;0&quot;,&quot;iso&quot;:&quot;0&quot;,&quot;shutter_speed&quot;:&quot;0&quot;,&quot;title&quot;:&quot;&quot;,&quot;orientation&quot;:&quot;0&quot;}\" data-image-title=\"Unknown-3\" data-image-description=\"&lt;p&gt;youth action culture logo&lt;\/p&gt;\" data-image-caption=\"&lt;p&gt;Youth Action Culture&lt;\/p&gt;\" data-large-file=\"https:\/\/i0.wp.com\/portosantocharter.eu\/wp-content\/uploads\/2023\/10\/Unknown-3.png?fit=700%2C700&amp;ssl=1\" width=\"700\" height=\"700\" src=\"https:\/\/i0.wp.com\/portosantocharter.eu\/wp-content\/uploads\/2023\/10\/Unknown-3.png?fit=700%2C700&amp;ssl=1\" class=\"attachment-full size-full wp-image-4297\" alt=\"youth action culture logo\" srcset=\"https:\/\/i0.wp.com\/portosantocharter.eu\/wp-content\/uploads\/2023\/10\/Unknown-3.png?w=700&amp;ssl=1 700w, https:\/\/i0.wp.com\/portosantocharter.eu\/wp-content\/uploads\/2023\/10\/Unknown-3.png?resize=300%2C300&amp;ssl=1 300w, https:\/\/i0.wp.com\/portosantocharter.eu\/wp-content\/uploads\/2023\/10\/Unknown-3.png?resize=150%2C150&amp;ssl=1 150w, https:\/\/i0.wp.com\/portosantocharter.eu\/wp-content\/uploads\/2023\/10\/Unknown-3.png?resize=80%2C80&amp;ssl=1 80w, https:\/\/i0.wp.com\/portosantocharter.eu\/wp-content\/uploads\/2023\/10\/Unknown-3.png?resize=600%2C600&amp;ssl=1 600w, https:\/\/i0.wp.com\/portosantocharter.eu\/wp-content\/uploads\/2023\/10\/Unknown-3.png?resize=400%2C400&amp;ssl=1 400w, https:\/\/i0.wp.com\/portosantocharter.eu\/wp-content\/uploads\/2023\/10\/Unknown-3.png?resize=200%2C200&amp;ssl=1 200w\" sizes=\"(max-width: 700px) 100vw, 700px\" \/>\t\t\t\t\t\t\t\t\t\t\t\t\t\t\t<\/div>\n\t\t\t\t<\/div>\n\t\t\t\t\t<\/div>\n\t\t<\/div>\n\t\t\t\t\t<\/div>\n\t\t<\/section>\n\t\t\t\t<section class=\"has_eae_slider elementor-section elementor-top-section elementor-element elementor-element-3e603c4b elementor-section-full_width elementor-section-stretched elementor-section-height-default elementor-section-height-default wpr-particle-no wpr-jarallax-no wpr-parallax-no wpr-sticky-section-no wpr-equal-height-no\" data-eae-slider=\"76249\" data-id=\"3e603c4b\" data-element_type=\"section\" data-e-type=\"section\" data-settings=\"{&quot;stretch_section&quot;:&quot;section-stretched&quot;,&quot;background_background&quot;:&quot;classic&quot;}\">\n\t\t\t\t\t\t<div class=\"elementor-container elementor-column-gap-default\">\n\t\t\t\t\t<div class=\"has_eae_slider elementor-column elementor-col-100 elementor-top-column elementor-element elementor-element-7c0dde50\" data-eae-slider=\"76405\" data-id=\"7c0dde50\" data-element_type=\"column\" data-e-type=\"column\">\n\t\t\t<div class=\"elementor-widget-wrap elementor-element-populated\">\n\t\t\t\t\t\t<div class=\"elementor-element elementor-element-7798f56 elementor-fixed elementor-hidden-mobile elementor-widget elementor-widget-image\" data-id=\"7798f56\" data-element_type=\"widget\" data-e-type=\"widget\" data-settings=\"{&quot;_position&quot;:&quot;fixed&quot;}\" data-widget_type=\"image.default\">\n\t\t\t\t<div class=\"elementor-widget-container\">\n\t\t\t\t\t\t\t\t\t\t\t\t\t\t\t<img decoding=\"async\" data-attachment-id=\"4245\" data-permalink=\"https:\/\/portosantocharter.eu\/pt\/carta\/more-info\/\" data-orig-file=\"https:\/\/i0.wp.com\/portosantocharter.eu\/wp-content\/uploads\/2023\/10\/more-info.png?fit=1097%2C4713&amp;ssl=1\" data-orig-size=\"1097,4713\" data-comments-opened=\"0\" data-image-meta=\"{&quot;aperture&quot;:&quot;0&quot;,&quot;credit&quot;:&quot;&quot;,&quot;camera&quot;:&quot;&quot;,&quot;caption&quot;:&quot;&quot;,&quot;created_timestamp&quot;:&quot;0&quot;,&quot;copyright&quot;:&quot;&quot;,&quot;focal_length&quot;:&quot;0&quot;,&quot;iso&quot;:&quot;0&quot;,&quot;shutter_speed&quot;:&quot;0&quot;,&quot;title&quot;:&quot;&quot;,&quot;orientation&quot;:&quot;0&quot;}\" data-image-title=\"more info\" data-image-description=\"\" data-image-caption=\"\" data-large-file=\"https:\/\/i0.wp.com\/portosantocharter.eu\/wp-content\/uploads\/2023\/10\/more-info.png?fit=238%2C1024&amp;ssl=1\" width=\"238\" height=\"1024\" src=\"https:\/\/i0.wp.com\/portosantocharter.eu\/wp-content\/uploads\/2023\/10\/more-info.png?fit=238%2C1024&amp;ssl=1\" class=\"attachment-large size-large wp-image-4245\" alt=\"\" srcset=\"https:\/\/i0.wp.com\/portosantocharter.eu\/wp-content\/uploads\/2023\/10\/more-info.png?w=1097&amp;ssl=1 1097w, https:\/\/i0.wp.com\/portosantocharter.eu\/wp-content\/uploads\/2023\/10\/more-info.png?resize=70%2C300&amp;ssl=1 70w, https:\/\/i0.wp.com\/portosantocharter.eu\/wp-content\/uploads\/2023\/10\/more-info.png?resize=238%2C1024&amp;ssl=1 238w, https:\/\/i0.wp.com\/portosantocharter.eu\/wp-content\/uploads\/2023\/10\/more-info.png?resize=768%2C3300&amp;ssl=1 768w\" sizes=\"(max-width: 238px) 100vw, 238px\" \/>\t\t\t\t\t\t\t\t\t\t\t\t\t\t\t<\/div>\n\t\t\t\t<\/div>\n\t\t\t\t\t<\/div>\n\t\t<\/div>\n\t\t\t\t\t<\/div>\n\t\t<\/section>\n\t\t\t\t<section class=\"has_eae_slider elementor-section elementor-top-section elementor-element elementor-element-0427340 elementor-section-stretched elementor-section-boxed elementor-section-height-default elementor-section-height-default wpr-particle-no wpr-jarallax-no wpr-parallax-no wpr-sticky-section-no wpr-equal-height-no\" data-eae-slider=\"59914\" data-id=\"0427340\" data-element_type=\"section\" data-e-type=\"section\" data-settings=\"{&quot;stretch_section&quot;:&quot;section-stretched&quot;}\">\n\t\t\t\t\t\t<div class=\"elementor-container elementor-column-gap-default\">\n\t\t\t\t\t<div class=\"has_eae_slider elementor-column elementor-col-100 elementor-top-column elementor-element elementor-element-832805d\" data-eae-slider=\"57584\" data-id=\"832805d\" data-element_type=\"column\" data-e-type=\"column\">\n\t\t\t<div class=\"elementor-widget-wrap elementor-element-populated\">\n\t\t\t\t\t\t<div class=\"elementor-element elementor-element-522731c elementor-widget elementor-widget-image\" data-id=\"522731c\" data-element_type=\"widget\" data-e-type=\"widget\" data-widget_type=\"image.default\">\n\t\t\t\t<div class=\"elementor-widget-container\">\n\t\t\t\t\t\t\t\t\t\t\t\t\t\t\t<img decoding=\"async\" data-attachment-id=\"4435\" data-permalink=\"https:\/\/portosantocharter.eu\/pt\/conference-programme\/13-novembro\/\" data-orig-file=\"https:\/\/i0.wp.com\/portosantocharter.eu\/wp-content\/uploads\/2023\/10\/13-novembro.png?fit=1598%2C251&amp;ssl=1\" data-orig-size=\"1598,251\" data-comments-opened=\"0\" data-image-meta=\"{&quot;aperture&quot;:&quot;0&quot;,&quot;credit&quot;:&quot;&quot;,&quot;camera&quot;:&quot;&quot;,&quot;caption&quot;:&quot;&quot;,&quot;created_timestamp&quot;:&quot;0&quot;,&quot;copyright&quot;:&quot;&quot;,&quot;focal_length&quot;:&quot;0&quot;,&quot;iso&quot;:&quot;0&quot;,&quot;shutter_speed&quot;:&quot;0&quot;,&quot;title&quot;:&quot;&quot;,&quot;orientation&quot;:&quot;0&quot;}\" data-image-title=\"13-novembro\" data-image-description=\"\" data-image-caption=\"\" data-large-file=\"https:\/\/i0.wp.com\/portosantocharter.eu\/wp-content\/uploads\/2023\/10\/13-novembro.png?fit=1024%2C161&amp;ssl=1\" width=\"1598\" height=\"251\" src=\"https:\/\/i0.wp.com\/portosantocharter.eu\/wp-content\/uploads\/2023\/10\/13-novembro.png?fit=1598%2C251&amp;ssl=1\" class=\"attachment-full size-full wp-image-4435\" alt=\"\" srcset=\"https:\/\/i0.wp.com\/portosantocharter.eu\/wp-content\/uploads\/2023\/10\/13-novembro.png?w=1598&amp;ssl=1 1598w, https:\/\/i0.wp.com\/portosantocharter.eu\/wp-content\/uploads\/2023\/10\/13-novembro.png?resize=300%2C47&amp;ssl=1 300w, https:\/\/i0.wp.com\/portosantocharter.eu\/wp-content\/uploads\/2023\/10\/13-novembro.png?resize=1024%2C161&amp;ssl=1 1024w, https:\/\/i0.wp.com\/portosantocharter.eu\/wp-content\/uploads\/2023\/10\/13-novembro.png?resize=768%2C121&amp;ssl=1 768w, https:\/\/i0.wp.com\/portosantocharter.eu\/wp-content\/uploads\/2023\/10\/13-novembro.png?resize=1536%2C241&amp;ssl=1 1536w, https:\/\/i0.wp.com\/portosantocharter.eu\/wp-content\/uploads\/2023\/10\/13-novembro.png?resize=1200%2C188&amp;ssl=1 1200w\" sizes=\"(max-width: 1200px) 100vw, 1200px\" \/>\t\t\t\t\t\t\t\t\t\t\t\t\t\t\t<\/div>\n\t\t\t\t<\/div>\n\t\t\t\t\t<\/div>\n\t\t<\/div>\n\t\t\t\t\t<\/div>\n\t\t<\/section>\n\t\t\t\t<section class=\"has_eae_slider elementor-section elementor-top-section elementor-element elementor-element-babc73a elementor-section-stretched elementor-section-boxed elementor-section-height-default elementor-section-height-default wpr-particle-no wpr-jarallax-no wpr-parallax-no wpr-sticky-section-no wpr-equal-height-no\" data-eae-slider=\"91311\" data-id=\"babc73a\" data-element_type=\"section\" data-e-type=\"section\" data-settings=\"{&quot;stretch_section&quot;:&quot;section-stretched&quot;}\">\n\t\t\t\t\t\t<div class=\"elementor-container elementor-column-gap-no\">\n\t\t\t\t\t<div class=\"has_eae_slider elementor-column elementor-col-100 elementor-top-column elementor-element elementor-element-7019b97\" data-eae-slider=\"38756\" data-id=\"7019b97\" data-element_type=\"column\" data-e-type=\"column\">\n\t\t\t<div class=\"elementor-widget-wrap elementor-element-populated\">\n\t\t\t\t\t\t<div class=\"elementor-element elementor-element-f77e29c elementor-widget elementor-widget-eae-timeline\" data-id=\"f77e29c\" data-element_type=\"widget\" data-e-type=\"widget\" data-widget_type=\"eae-timeline.skin1\">\n\t\t\t\t<div class=\"elementor-widget-container\">\n\t\t\t\t\t\t\t<section data-layout=\"left\" data-top-offset=\"200\" class=\"eae-layout-left eae-timeline eae-timeline-alternate-no eae-tl-center\">\n\t\t\t<div class=\"eae-timline-progress-bar\">\n\t\t\t\t<div class='eae-pb-inner-line'><\/div>\n\t\t\t<\/div>\n\n\t\t\t\n\t\t\t\t\t\t\t\t\n\t\t\t\t\t\t<div id=\"7450e95\" class=\"eae-timeline-item elementor-repeater-item-7450e95 custom-image-style-no image-position-\">\n\n\t\t\t\t<div class=\"eae-tl-item-meta-wrapper\">\n\t\t\t\t\t\t\t\t\t\t\t<div class=\"eae-tl-item-meta\">\n\t\t\t\t\t\t\t09:30\t\t\t\t\t\t<\/div>\n\t\t\t\t\t\t\n\t\t\t\t<\/div>\n\n\t\t\t\t<div class=\"eae-tl-icon-wrapper\" id=\"7450e95\">\n\t\t\t\t\t\t\t\t\t<div class=\"eae-icon eae-icon-item_icon eae-icon-view-stacked eae-icon-shape-circle eae-icon-type-icon\">\n\t\t\t\t\t<div class=\"eae-icon-wrap\">\n\t\t\t\t\t\t\t\t\t\t\t\t\t\t\t\t\t\t\t\t\t\t\t\t\t<\/div>\n\t\t\t\t<\/div>\n\t\t\t\t\t\t\t\t<\/div>\n\t\t\t\t<div class=\"eae-tl-content-wrapper\">\n\t\t\t\t\t\t\t\t\t\t\t\t<div class=\"eae-tl-item-content\">\n\t\t\t\t\t\t\t\t\t\t\t\t\t\t<div class=\"eae-width-100 eae-tl-content\">\n\t\t\t\t\t\t\t\t<div class=\"eae-content-inner\">\n\t\t\t\t\t\t\t\t\t<div class=\"eae-tl-item-meta-wrapper-inner\">\n\t\t\t\t\t\t\t\t\t\t\t\t\t\t\t\t\t\t\t\t\t<div class=\"eae-tl-item-meta-inner\">\n\t\t\t\t\t\t\t\t\t\t\t\t09:30\t\t\t\t\t\t\t\t\t\t\t<\/div>\n\t\t\t\t\t\t\t\t\t\t\t\t\t\t\t\t\t\t\t\t<\/div>\n\t\t\t\t\t\t\t\t\t<h3 id=\"\" class=\"eae-tl-item-title\"><\/h3><div class=\"eae-tl-content-innner\"><p style=\"text-align: left\"><strong><span style=\"color: #f7965c\">Introdu\u00e7\u00e3o e Boas-vindas<\/span> <span style=\"color: #8284c8\">| Introduction and Welcome<\/span><\/strong><br \/><a href=\"https:\/\/www.pna.gov.pt\/\" target=\"_blank\" rel=\"noopener\"><strong><span style=\"color: #f7965c\">Plano Nacional das Artes<\/span> <span style=\"color: #8284c8\">| National Plan for the Arts<\/span><\/strong><\/a><br \/><a href=\"https:\/\/portosantocharter.eu\/pt\/bios\/#sara-brighenti\">Sara Brighenti<\/a>, <span style=\"color: #f7965c\">Subcomiss\u00e1ria <\/span><span style=\"color: #8284c8\">| Deputy Commissioner<\/span><br \/><a href=\"https:\/\/portosantocharter.eu\/pt\/bios\/#paulo-pires-do-vale\"><span style=\"color: #000000\">Paulo Pires do Vale<\/span><\/a>, <span style=\"color: #f7965c\">Comiss\u00e1rio<\/span><span style=\"color: #8284c8\"> | Commissioner<\/span><\/p><p style=\"text-align: left\"><span style=\"color: #f7965c\"><strong>Sess\u00e3o de Abertura: De que modo as quest\u00f5es da <\/strong><\/span><span style=\"color: #f7965c\"><strong>confer\u00eancia se cruzam com as pol\u00edticas institucionais?<\/strong><\/span><br \/><span style=\"color: #8284c8\"><strong>Opening Session: How conference issues intersect <\/strong><\/span><span style=\"color: #8284c8\"><strong>with institutional policies?<\/strong><\/span><\/p><p style=\"text-align: left\"><a href=\"https:\/\/www.camara-municipal.pt\/municipio-caldas-da-rainha.html\" target=\"_blank\" rel=\"noopener\"><span style=\"color: #f7965c\"><strong>C\u00e2mara Municipal das Caldas da Rainha<\/strong><\/span><\/a><br \/><a href=\"https:\/\/www.camara-municipal.pt\/municipio-caldas-da-rainha.html\" target=\"_blank\" rel=\"noopener\"><span style=\"color: #8284c8\"><strong>Caldas da Rainha Municipality<\/strong><\/span><\/a><br \/>V\u00edtor Marques, <span style=\"color: #f7965c\">Presidente<\/span><span style=\"color: #8284c8\"> | <\/span><span style=\"color: #8284c8\">President<\/span><br \/>Maria da Concei\u00e7\u00e3o Henriques, <span style=\"color: #f7965c\">Vereadora<\/span><span style=\"color: #8284c8\">| Councilor of Education <\/span><span style=\"color: #8284c8\">and Culture<\/span><br \/><strong><span style=\"color: #8284c8\">European Network of Observatories in the Field of Arts<\/span><\/strong><br \/><strong><span style=\"color: #8284c8\">and Cultural Education<\/span><\/strong><br \/><a href=\"https:\/\/portosantocharter.eu\/pt\/bios\/#charlotte-svendler-nielsen\">Charlotte Svendler Nielsen<\/a>, <span style=\"color: #f7965c\">Presidente<\/span><span style=\"color: #8284c8\"> | Chair<\/span><\/p><p style=\"text-align: left\"><a href=\"https:\/\/www.pna.gov.pt\/\" target=\"_blank\" rel=\"noopener\"><strong><span style=\"color: #f7965c\">Plano Nacional das Artes<\/span> <span style=\"color: #8284c8\">| National Plan for the Arts<\/span><\/strong><\/a><br \/><a href=\"https:\/\/portosantocharter.eu\/pt\/bios\/#paulo-pires-do-vale\">Paulo Pires do Vale<\/a>, <span style=\"color: #f7965c\">Comiss\u00e1rio<\/span><span style=\"color: #8284c8\"> | Commissioner<\/span><br \/><a href=\"https:\/\/www.portugal.gov.pt\/pt\/gc23\/area-de-governo\/educacao\" target=\"_blank\" rel=\"noopener\"><strong><span style=\"color: #f7965c\">Minist\u00e9rio da Educa\u00e7\u00e3o<\/span><span style=\"color: #8284c8\"> | Ministry of Education<\/span><\/strong><\/a><br \/>Jo\u00e3o Costa, <span style=\"color: #f7965c\">Ministro<\/span><span style=\"color: #8284c8\"> | Minister<\/span><\/p><\/div>\t\t\t\t\t\t\t\t<\/div>\n\t\t\t\t\t\t\t<\/div>\n\t\t\t\t\t\t\t\t\t\t\t\t\t<\/div>\n\t\t\t\t\t\t\t\t\t\t<\/div>\n\n\t\t\t<\/div>\n\t\t\t\t\t\t\t\t\n\t\t\t\t\t\t<div id=\"a968be3\" class=\"eae-timeline-item elementor-repeater-item-a968be3 custom-image-style-no image-position-\">\n\n\t\t\t\t<div class=\"eae-tl-item-meta-wrapper\">\n\t\t\t\t\t\t\t\t\t\t\t<div class=\"eae-tl-item-meta\">\n\t\t\t\t\t\t\t10:30\t\t\t\t\t\t<\/div>\n\t\t\t\t\t\t\n\t\t\t\t<\/div>\n\n\t\t\t\t<div class=\"eae-tl-icon-wrapper\" id=\"a968be3\">\n\t\t\t\t\t\t\t\t\t<div class=\"eae-icon eae-icon-item_icon eae-icon-view-stacked eae-icon-shape-circle eae-icon-type-icon\">\n\t\t\t\t\t<div class=\"eae-icon-wrap\">\n\t\t\t\t\t\t\t\t\t\t\t\t\t\t\t\t\t\t\t\t\t\t\t\t\t<\/div>\n\t\t\t\t<\/div>\n\t\t\t\t\t\t\t\t<\/div>\n\t\t\t\t<div class=\"eae-tl-content-wrapper\">\n\t\t\t\t\t\t\t\t\t\t\t\t<div class=\"eae-tl-item-content\">\n\t\t\t\t\t\t\t\t\t\t\t\t\t\t<div class=\"eae-width-100 eae-tl-content\">\n\t\t\t\t\t\t\t\t<div class=\"eae-content-inner\">\n\t\t\t\t\t\t\t\t\t<div class=\"eae-tl-item-meta-wrapper-inner\">\n\t\t\t\t\t\t\t\t\t\t\t\t\t\t\t\t\t\t\t\t\t<div class=\"eae-tl-item-meta-inner\">\n\t\t\t\t\t\t\t\t\t\t\t\t10:30\t\t\t\t\t\t\t\t\t\t\t<\/div>\n\t\t\t\t\t\t\t\t\t\t\t\t\t\t\t\t\t\t\t\t<\/div>\n\t\t\t\t\t\t\t\t\t<h3 id=\"-2\" class=\"eae-tl-item-title\"><\/h3><div class=\"eae-tl-content-innner\"><p style=\"text-align: left\"><strong><span style=\"color: #f7965c\">O meu lugar nas artes e na cultura \u2013 Interroga\u00e7\u00f5es dos <\/span><\/strong><strong><span style=\"color: #f7965c\">jovens sobre o impacto da cultura e das artes na <\/span><\/strong><strong><span style=\"color: #f7965c\">consolida\u00e7\u00e3o da democracia<\/span><\/strong><br \/><span style=\"color: #8284c8\"><strong>My place in arts and culture \u2013 Young people\u2019s questions <\/strong><\/span><span style=\"color: #8284c8\"><strong>about the impact of culture and arts in strengthening <\/strong><\/span><span style=\"color: #8284c8\"><strong>democracy<\/strong><\/span><br \/><span style=\"color: #8284c8\">Keynote <\/span><a href=\"https:\/\/portosantocharter.eu\/pt\/bios\/#carlos-bunga\">Carlos Bunga<\/a>, <span style=\"color: #f7965c\">Artista<\/span><span style=\"color: #8284c8\"> | Artist<\/span><\/p><p style=\"text-align: left\"><strong><span style=\"color: #f7965c\">Moderadores<\/span><span style=\"color: #8284c8\"> | Moderators<\/span><\/strong><br \/><a href=\"https:\/\/portosantocharter.eu\/pt\/bios\/#jade-aura-nunes\">Jade Nunes<\/a>, <a href=\"https:\/\/portosantocharter.eu\/pt\/bios\/#maria-couto\">Maria Couto<\/a><br \/><span style=\"color: #f7965c\">Artistas, Estudantes<\/span> <span style=\"color: #8284c8\">| Artists, Students<\/span><\/p><\/div>\t\t\t\t\t\t\t\t<\/div>\n\t\t\t\t\t\t\t<\/div>\n\t\t\t\t\t\t\t\t\t\t\t\t\t<\/div>\n\t\t\t\t\t\t\t\t\t\t<\/div>\n\n\t\t\t<\/div>\n\t\t\t\t\t\t\t\t\n\t\t\t\t\t\t<div id=\"ba3bca3\" class=\"eae-timeline-item elementor-repeater-item-ba3bca3 custom-image-style-no image-position-\">\n\n\t\t\t\t<div class=\"eae-tl-item-meta-wrapper\">\n\t\t\t\t\t\n\t\t\t\t<\/div>\n\n\t\t\t\t<div class=\"eae-tl-icon-wrapper\" id=\"ba3bca3\">\n\t\t\t\t\t\t\t\t\t<div class=\"eae-icon eae-icon-item_icon eae-icon-view-stacked eae-icon-shape-circle eae-icon-type-icon\">\n\t\t\t\t\t<div class=\"eae-icon-wrap\">\n\t\t\t\t\t\t\t\t\t\t\t\t\t\t\t\t\t\t\t\t\t\t\t\t\t<\/div>\n\t\t\t\t<\/div>\n\t\t\t\t\t\t\t\t<\/div>\n\t\t\t\t<div class=\"eae-tl-content-wrapper\">\n\t\t\t\t\t\t\t\t\t\t\t\t<div class=\"eae-tl-item-content\">\n\t\t\t\t\t\t\t\t\t\t\t\t\t\t<div class=\"eae-width-100 eae-tl-content\">\n\t\t\t\t\t\t\t\t<div class=\"eae-content-inner\">\n\t\t\t\t\t\t\t\t\t<div class=\"eae-tl-item-meta-wrapper-inner\">\n\t\t\t\t\t\t\t\t\t\t\t\t\t\t\t\t\t\t\t<\/div>\n\t\t\t\t\t\t\t\t\t<h3 id=\"-3\" class=\"eae-tl-item-title\"><\/h3><div class=\"eae-tl-content-innner\"><p style=\"text-align: left\"><strong><span style=\"color: #f7965c\">Perguntas da Audi\u00eancia<\/span> <span style=\"color: #8284c8\">| Audience Q&amp;A<\/span><\/strong><\/p><\/div>\t\t\t\t\t\t\t\t<\/div>\n\t\t\t\t\t\t\t<\/div>\n\t\t\t\t\t\t\t\t\t\t\t\t\t<\/div>\n\t\t\t\t\t\t\t\t\t\t<\/div>\n\n\t\t\t<\/div>\n\t\t\t\t\t\t\t\t\n\t\t\t\t\t\t<div id=\"a589ac2\" class=\"eae-timeline-item elementor-repeater-item-a589ac2 custom-image-style-no image-position-\">\n\n\t\t\t\t<div class=\"eae-tl-item-meta-wrapper\">\n\t\t\t\t\t\t\t\t\t\t\t<div class=\"eae-tl-item-meta\">\n\t\t\t\t\t\t\t11:30\t\t\t\t\t\t<\/div>\n\t\t\t\t\t\t\n\t\t\t\t<\/div>\n\n\t\t\t\t<div class=\"eae-tl-icon-wrapper\" id=\"a589ac2\">\n\t\t\t\t\t\t\t\t\t<div class=\"eae-icon eae-icon-item_icon eae-icon-view-stacked eae-icon-shape-circle eae-icon-type-icon\">\n\t\t\t\t\t<div class=\"eae-icon-wrap\">\n\t\t\t\t\t\t\t\t\t\t\t\t\t\t\t\t\t\t\t\t\t\t\t\t\t<\/div>\n\t\t\t\t<\/div>\n\t\t\t\t\t\t\t\t<\/div>\n\t\t\t\t<div class=\"eae-tl-content-wrapper\">\n\t\t\t\t\t\t\t\t\t\t\t\t<div class=\"eae-tl-item-content\">\n\t\t\t\t\t\t\t\t\t\t\t\t\t\t<div class=\"eae-width-100 eae-tl-content\">\n\t\t\t\t\t\t\t\t<div class=\"eae-content-inner\">\n\t\t\t\t\t\t\t\t\t<div class=\"eae-tl-item-meta-wrapper-inner\">\n\t\t\t\t\t\t\t\t\t\t\t\t\t\t\t\t\t\t\t\t\t<div class=\"eae-tl-item-meta-inner\">\n\t\t\t\t\t\t\t\t\t\t\t\t11:30\t\t\t\t\t\t\t\t\t\t\t<\/div>\n\t\t\t\t\t\t\t\t\t\t\t\t\t\t\t\t\t\t\t\t<\/div>\n\t\t\t\t\t\t\t\t\t<h3 id=\"-4\" class=\"eae-tl-item-title\"><\/h3><div class=\"eae-tl-content-innner\"><p style=\"text-align: left\"><strong><span style=\"color: #f7965c\">Pausa para Caf\u00e9<\/span><span style=\"color: #8284c8\"> | Coffee break<\/span><br \/><\/strong><\/p><\/div>\t\t\t\t\t\t\t\t<\/div>\n\t\t\t\t\t\t\t<\/div>\n\t\t\t\t\t\t\t\t\t\t\t\t\t<\/div>\n\t\t\t\t\t\t\t\t\t\t<\/div>\n\n\t\t\t<\/div>\n\t\t\t\t\t\t\t\t\n\t\t\t\t\t\t<div id=\"16f8bb9\" class=\"eae-timeline-item elementor-repeater-item-16f8bb9 custom-image-style-no image-position-\">\n\n\t\t\t\t<div class=\"eae-tl-item-meta-wrapper\">\n\t\t\t\t\t\t\t\t\t\t\t<div class=\"eae-tl-item-meta\">\n\t\t\t\t\t\t\t12:00\t\t\t\t\t\t<\/div>\n\t\t\t\t\t\t\n\t\t\t\t<\/div>\n\n\t\t\t\t<div class=\"eae-tl-icon-wrapper\" id=\"16f8bb9\">\n\t\t\t\t\t\t\t\t\t<div class=\"eae-icon eae-icon-item_icon eae-icon-view-stacked eae-icon-shape-circle eae-icon-type-icon\">\n\t\t\t\t\t<div class=\"eae-icon-wrap\">\n\t\t\t\t\t\t\t\t\t\t\t\t\t\t\t\t\t\t\t\t\t\t\t\t\t<\/div>\n\t\t\t\t<\/div>\n\t\t\t\t\t\t\t\t<\/div>\n\t\t\t\t<div class=\"eae-tl-content-wrapper\">\n\t\t\t\t\t\t\t\t\t\t\t\t<div class=\"eae-tl-item-content\">\n\t\t\t\t\t\t\t\t\t\t\t\t\t\t<div class=\"eae-width-100 eae-tl-content\">\n\t\t\t\t\t\t\t\t<div class=\"eae-content-inner\">\n\t\t\t\t\t\t\t\t\t<div class=\"eae-tl-item-meta-wrapper-inner\">\n\t\t\t\t\t\t\t\t\t\t\t\t\t\t\t\t\t\t\t\t\t<div class=\"eae-tl-item-meta-inner\">\n\t\t\t\t\t\t\t\t\t\t\t\t12:00\t\t\t\t\t\t\t\t\t\t\t<\/div>\n\t\t\t\t\t\t\t\t\t\t\t\t\t\t\t\t\t\t\t\t<\/div>\n\t\t\t\t\t\t\t\t\t<h3 id=\"-5\" class=\"eae-tl-item-title\"><\/h3><div class=\"eae-tl-content-innner\"><p style=\"text-align: left\"><strong><span style=\"color: #f7965c\">Projetos inspiradores I: ARTivismo, pol\u00edtica, cidadania<\/span><br \/><span style=\"color: #f7965c\">e direitos culturais<\/span><br \/><span style=\"color: #8284c8\">Inspiring projects I: ARTtivism, politics, citizenship and<\/span> <span style=\"color: #8284c8\">cultural rights<\/span><br \/><a href=\"https:\/\/gulbenkian.pt\/cam\/projetos\/imagina\/\" target=\"_blank\" rel=\"noopener\"><span style=\"color: #f7965c\">Gulbenkian Imagina (PT)<\/span> | <span style=\"color: #8284c8\">Gulbenkian Imagine (PRT)<\/span><\/a><br \/><\/strong><a href=\"https:\/\/portosantocharter.eu\/pt\/bios\/#susana-gomes-da-silva\">Susana Gomes da Silva<\/a>,<span style=\"color: #f7965c\"> Coordenadora Educa\u00e7\u00e3o Centro de Arte Moderna FCG<\/span> | <span style=\"color: #8284c8\">Head of Education Modern Art Center FCG<\/span><br \/><a href=\"https:\/\/portosantocharter.eu\/pt\/bios\/#sandra-varela\">Sandra Varela<\/a>, <span style=\"color: #f7965c\">Mediadora Cultural<\/span><span style=\"color: #8284c8\"> | Cultural Mediator<\/span><\/p><p style=\"text-align: left\"><strong><a href=\"https:\/\/ciencia.iscte-iul.pt\/projects\/criatividades-perifericas-juventude-arte-e-politicas-publicas-em-territorios-segregados\/1852\" target=\"_blank\" rel=\"noopener\"><span style=\"color: #f7965c\">Criatividades Perif\u00e9ricas: juventude, artes e pol\u00edticas p\u00fablicas<\/span><\/a><span style=\"color: #f7965c\">em territ\u00f3rios segregados (PT)<\/span><span style=\"color: #8284c8\"> | Peripheral Creativities: youth,<\/span> <span style=\"color: #8284c8\">arts and public policies in segregated territories (PRT)<\/span><br \/><\/strong><a href=\"https:\/\/portosantocharter.eu\/pt\/bios\/#ligia-ferro\">L\u00edgia Ferro<\/a>, <span style=\"color: #f7965c\">Professora<\/span><span style=\"color: #8284c8\"> | Professor<\/span><br \/><a href=\"https:\/\/portosantocharter.eu\/pt\/bios\/#otavio-raposo\">Ot\u00e1vio Raposo<\/a>, <span style=\"color: #f7965c\">Investigador<\/span><span style=\"color: #8284c8\"> | Researcher<\/span><br \/><a href=\"https:\/\/portosantocharter.eu\/pt\/bios\/#beatriz-lacerda\">Beatriz Lacerda<\/a>, <span style=\"color: #f7965c\">Estudante<\/span><span style=\"color: #8284c8\"> | PHD Student<\/span><\/p><p style=\"text-align: left\"><strong><a href=\"https:\/\/seteanos.pt\/sete-anos-sete-escolas\/\" target=\"_blank\" rel=\"noopener\"><span style=\"color: #f7965c\">Sete Anos, Sete Escolas (PT)<\/span><span style=\"color: #8284c8\"> | Seven Years, Seven Schools (PRT)<\/span><\/a><br \/><\/strong>Jo\u00e3o Ricardo Teixeira (KARAS), <span style=\"color: #f7965c\">Artista<\/span><span style=\"color: #8284c8\"> | Artist<\/span><br \/>Muriel Lima, <span style=\"color: #f7965c\">Estudante<\/span><span style=\"color: #8284c8\"> | Student<\/span><\/p><p style=\"text-align: left\"><strong><span style=\"color: #f7965c\">Moderador<\/span><span style=\"color: #8284c8\"> | Moderator<\/span><br \/><\/strong><a href=\"https:\/\/portosantocharter.eu\/pt\/bios\/#ligia-afonso\">L\u00edgia Afonso<\/a>, <span style=\"color: #f7965c\">Coordenadora<\/span><span style=\"color: #8284c8\"> | <a href=\"https:\/\/gestaodasartes.ipleiria.pt\/\">IPLeiria UNESCO Chair<\/a> in Arts and Cultural Management Coordinator<br \/><\/span><\/p><\/div>\t\t\t\t\t\t\t\t<\/div>\n\t\t\t\t\t\t\t<\/div>\n\t\t\t\t\t\t\t\t\t\t\t\t\t<\/div>\n\t\t\t\t\t\t\t\t\t\t<\/div>\n\n\t\t\t<\/div>\n\t\t\t\t\t\t\t\t\n\t\t\t\t\t\t<div id=\"77cbb80\" class=\"eae-timeline-item elementor-repeater-item-77cbb80 custom-image-style-no image-position-\">\n\n\t\t\t\t<div class=\"eae-tl-item-meta-wrapper\">\n\t\t\t\t\t\n\t\t\t\t<\/div>\n\n\t\t\t\t<div class=\"eae-tl-icon-wrapper\" id=\"77cbb80\">\n\t\t\t\t\t\t\t\t\t<div class=\"eae-icon eae-icon-item_icon eae-icon-view-stacked eae-icon-shape-circle eae-icon-type-icon\">\n\t\t\t\t\t<div class=\"eae-icon-wrap\">\n\t\t\t\t\t\t\t\t\t\t\t\t\t\t\t\t\t\t\t\t\t\t\t\t\t<\/div>\n\t\t\t\t<\/div>\n\t\t\t\t\t\t\t\t<\/div>\n\t\t\t\t<div class=\"eae-tl-content-wrapper\">\n\t\t\t\t\t\t\t\t\t\t\t\t<div class=\"eae-tl-item-content\">\n\t\t\t\t\t\t\t\t\t\t\t\t\t\t<div class=\"eae-width-100 eae-tl-content\">\n\t\t\t\t\t\t\t\t<div class=\"eae-content-inner\">\n\t\t\t\t\t\t\t\t\t<div class=\"eae-tl-item-meta-wrapper-inner\">\n\t\t\t\t\t\t\t\t\t\t\t\t\t\t\t\t\t\t\t<\/div>\n\t\t\t\t\t\t\t\t\t<h3 id=\"-6\" class=\"eae-tl-item-title\"><\/h3><div class=\"eae-tl-content-innner\"><p style=\"text-align: left\"><strong><span style=\"color: #f7965c\">Perguntas da Audi\u00eancia<\/span><span style=\"color: #8284c8\"> | Q&amp;A Audience<\/span><\/strong><\/p><\/div>\t\t\t\t\t\t\t\t<\/div>\n\t\t\t\t\t\t\t<\/div>\n\t\t\t\t\t\t\t\t\t\t\t\t\t<\/div>\n\t\t\t\t\t\t\t\t\t\t<\/div>\n\n\t\t\t<\/div>\n\t\t\t\t\t\t\t\t\n\t\t\t\t\t\t<div id=\"79cc3cd\" class=\"eae-timeline-item elementor-repeater-item-79cc3cd custom-image-style-no image-position-\">\n\n\t\t\t\t<div class=\"eae-tl-item-meta-wrapper\">\n\t\t\t\t\t\t\t\t\t\t\t<div class=\"eae-tl-item-meta\">\n\t\t\t\t\t\t\t13:00\t\t\t\t\t\t<\/div>\n\t\t\t\t\t\t\n\t\t\t\t<\/div>\n\n\t\t\t\t<div class=\"eae-tl-icon-wrapper\" id=\"79cc3cd\">\n\t\t\t\t\t\t\t\t\t<div class=\"eae-icon eae-icon-item_icon eae-icon-view-stacked eae-icon-shape-circle eae-icon-type-icon\">\n\t\t\t\t\t<div class=\"eae-icon-wrap\">\n\t\t\t\t\t\t\t\t\t\t\t\t\t\t\t\t\t\t\t\t\t\t\t\t\t<\/div>\n\t\t\t\t<\/div>\n\t\t\t\t\t\t\t\t<\/div>\n\t\t\t\t<div class=\"eae-tl-content-wrapper\">\n\t\t\t\t\t\t\t\t\t\t\t\t<div class=\"eae-tl-item-content\">\n\t\t\t\t\t\t\t\t\t\t\t\t\t\t<div class=\"eae-width-100 eae-tl-content\">\n\t\t\t\t\t\t\t\t<div class=\"eae-content-inner\">\n\t\t\t\t\t\t\t\t\t<div class=\"eae-tl-item-meta-wrapper-inner\">\n\t\t\t\t\t\t\t\t\t\t\t\t\t\t\t\t\t\t\t\t\t<div class=\"eae-tl-item-meta-inner\">\n\t\t\t\t\t\t\t\t\t\t\t\t13:00\t\t\t\t\t\t\t\t\t\t\t<\/div>\n\t\t\t\t\t\t\t\t\t\t\t\t\t\t\t\t\t\t\t\t<\/div>\n\t\t\t\t\t\t\t\t\t<h3 id=\"-7\" class=\"eae-tl-item-title\"><\/h3><div class=\"eae-tl-content-innner\"><p style=\"text-align: left\"><strong><span style=\"color: #f7965c\">Pausa para Almo\u00e7o<\/span> <span style=\"color: #8284c8\">| Lunch break<\/span><br \/><\/strong><\/p><\/div>\t\t\t\t\t\t\t\t<\/div>\n\t\t\t\t\t\t\t<\/div>\n\t\t\t\t\t\t\t\t\t\t\t\t\t<\/div>\n\t\t\t\t\t\t\t\t\t\t<\/div>\n\n\t\t\t<\/div>\n\t\t\t\t\t\t\t\t\n\t\t\t\t\t\t<div id=\"8f77c78\" class=\"eae-timeline-item elementor-repeater-item-8f77c78 custom-image-style-no image-position-\">\n\n\t\t\t\t<div class=\"eae-tl-item-meta-wrapper\">\n\t\t\t\t\t\t\t\t\t\t\t<div class=\"eae-tl-item-meta\">\n\t\t\t\t\t\t\t14:30\t\t\t\t\t\t<\/div>\n\t\t\t\t\t\t\n\t\t\t\t<\/div>\n\n\t\t\t\t<div class=\"eae-tl-icon-wrapper\" id=\"8f77c78\">\n\t\t\t\t\t\t\t\t\t<div class=\"eae-icon eae-icon-item_icon eae-icon-view-stacked eae-icon-shape-circle eae-icon-type-icon\">\n\t\t\t\t\t<div class=\"eae-icon-wrap\">\n\t\t\t\t\t\t\t\t\t\t\t\t\t\t\t\t\t\t\t\t\t\t\t\t\t<\/div>\n\t\t\t\t<\/div>\n\t\t\t\t\t\t\t\t<\/div>\n\t\t\t\t<div class=\"eae-tl-content-wrapper\">\n\t\t\t\t\t\t\t\t\t\t\t\t<div class=\"eae-tl-item-content\">\n\t\t\t\t\t\t\t\t\t\t\t\t\t\t<div class=\"eae-width-100 eae-tl-content\">\n\t\t\t\t\t\t\t\t<div class=\"eae-content-inner\">\n\t\t\t\t\t\t\t\t\t<div class=\"eae-tl-item-meta-wrapper-inner\">\n\t\t\t\t\t\t\t\t\t\t\t\t\t\t\t\t\t\t\t\t\t<div class=\"eae-tl-item-meta-inner\">\n\t\t\t\t\t\t\t\t\t\t\t\t14:30\t\t\t\t\t\t\t\t\t\t\t<\/div>\n\t\t\t\t\t\t\t\t\t\t\t\t\t\t\t\t\t\t\t\t<\/div>\n\t\t\t\t\t\t\t\t\t<h3 id=\"-8\" class=\"eae-tl-item-title\"><\/h3><div class=\"eae-tl-content-innner\"><p style=\"text-align: left\"><strong><span style=\"color: #f7965c\">O que podem as artes na educa\u00e7\u00e3o para a democracia \u2013<\/span> <span style=\"color: #f7965c\">Interroga\u00e7\u00f5es dos jovens sobre o impacto das artes e da<\/span> <span style=\"color: #f7965c\">educa\u00e7\u00e3o na constru\u00e7\u00e3o da cidadania e no exerc\u00edcio da liberdade<\/span><br \/><span style=\"color: #8284c8\">What can the arts do in education for democracy \u2013 Young<\/span> <span style=\"color: #8284c8\">people\u2019s questions about the impact of the arts and education<\/span> <span style=\"color: #8284c8\">in building citizenship and exercising freedom<\/span><br \/><\/strong><span style=\"color: #8284c8\">Keynote<\/span> <a href=\"https:\/\/portosantocharter.eu\/pt\/bios\/#catherine-ritman-smith\">Catherine Ritman-Smith<\/a>, <span style=\"color: #f7965c\">Coordenadora de Educa\u00e7\u00e3o <\/span><span style=\"color: #f7965c\">e Envolvimento<\/span> <span style=\"color: #8284c8\">| Head\u00a0of Learning and Engagement | <a href=\"https:\/\/www.vam.ac.uk\/young\" target=\"_blank\" rel=\"noopener\">Young<\/a><\/span><br \/><span style=\"color: #8284c8\">V&amp;A \/ V&amp;A East<\/span><\/p><p style=\"text-align: left\"><strong><span style=\"color: #f7965c\">Moderadores<\/span> <span style=\"color: #8284c8\">| Moderators<\/span><br \/><\/strong>Gil Ubaldo, <a href=\"https:\/\/portosantocharter.eu\/pt\/bios\/#noa-brighenti\">Noa Brighenti<\/a>, <a href=\"https:\/\/portosantocharter.eu\/pt\/bios\/#pedro-william-barros\">Willian Barros<\/a><br \/><span style=\"color: #f7965c\">Artistas, Estudantes<\/span><span style=\"color: #8284c8\"> | Artists, Students<\/span><\/p><\/div>\t\t\t\t\t\t\t\t<\/div>\n\t\t\t\t\t\t\t<\/div>\n\t\t\t\t\t\t\t\t\t\t\t\t\t<\/div>\n\t\t\t\t\t\t\t\t\t\t<\/div>\n\n\t\t\t<\/div>\n\t\t\t\t\t\t\t\t\n\t\t\t\t\t\t<div id=\"3c63238\" class=\"eae-timeline-item elementor-repeater-item-3c63238 custom-image-style-no image-position-\">\n\n\t\t\t\t<div class=\"eae-tl-item-meta-wrapper\">\n\t\t\t\t\t\n\t\t\t\t<\/div>\n\n\t\t\t\t<div class=\"eae-tl-icon-wrapper\" id=\"3c63238\">\n\t\t\t\t\t\t\t\t\t<div class=\"eae-icon eae-icon-item_icon eae-icon-view-stacked eae-icon-shape-circle eae-icon-type-icon\">\n\t\t\t\t\t<div class=\"eae-icon-wrap\">\n\t\t\t\t\t\t\t\t\t\t\t\t\t\t\t\t\t\t\t\t\t\t\t\t\t<\/div>\n\t\t\t\t<\/div>\n\t\t\t\t\t\t\t\t<\/div>\n\t\t\t\t<div class=\"eae-tl-content-wrapper\">\n\t\t\t\t\t\t\t\t\t\t\t\t<div class=\"eae-tl-item-content\">\n\t\t\t\t\t\t\t\t\t\t\t\t\t\t<div class=\"eae-width-100 eae-tl-content\">\n\t\t\t\t\t\t\t\t<div class=\"eae-content-inner\">\n\t\t\t\t\t\t\t\t\t<div class=\"eae-tl-item-meta-wrapper-inner\">\n\t\t\t\t\t\t\t\t\t\t\t\t\t\t\t\t\t\t\t<\/div>\n\t\t\t\t\t\t\t\t\t<h3 id=\"-9\" class=\"eae-tl-item-title\"><\/h3><div class=\"eae-tl-content-innner\"><p style=\"text-align: left\"><strong><span style=\"color: #f7965c\">Perguntas da Audi\u00eancia<\/span> <span style=\"color: #8284c8\">| Q&amp;A Audience<\/span><\/strong><\/p><\/div>\t\t\t\t\t\t\t\t<\/div>\n\t\t\t\t\t\t\t<\/div>\n\t\t\t\t\t\t\t\t\t\t\t\t\t<\/div>\n\t\t\t\t\t\t\t\t\t\t<\/div>\n\n\t\t\t<\/div>\n\t\t\t\t\t\t\t\t\n\t\t\t\t\t\t<div id=\"1778946\" class=\"eae-timeline-item elementor-repeater-item-1778946 custom-image-style-no image-position-\">\n\n\t\t\t\t<div class=\"eae-tl-item-meta-wrapper\">\n\t\t\t\t\t\t\t\t\t\t\t<div class=\"eae-tl-item-meta\">\n\t\t\t\t\t\t\t15:30\t\t\t\t\t\t<\/div>\n\t\t\t\t\t\t\n\t\t\t\t<\/div>\n\n\t\t\t\t<div class=\"eae-tl-icon-wrapper\" id=\"1778946\">\n\t\t\t\t\t\t\t\t\t<div class=\"eae-icon eae-icon-item_icon eae-icon-view-stacked eae-icon-shape-circle eae-icon-type-icon\">\n\t\t\t\t\t<div class=\"eae-icon-wrap\">\n\t\t\t\t\t\t\t\t\t\t\t\t\t\t\t\t\t\t\t\t\t\t\t\t\t<\/div>\n\t\t\t\t<\/div>\n\t\t\t\t\t\t\t\t<\/div>\n\t\t\t\t<div class=\"eae-tl-content-wrapper\">\n\t\t\t\t\t\t\t\t\t\t\t\t<div class=\"eae-tl-item-content\">\n\t\t\t\t\t\t\t\t\t\t\t\t\t\t<div class=\"eae-width-100 eae-tl-content\">\n\t\t\t\t\t\t\t\t<div class=\"eae-content-inner\">\n\t\t\t\t\t\t\t\t\t<div class=\"eae-tl-item-meta-wrapper-inner\">\n\t\t\t\t\t\t\t\t\t\t\t\t\t\t\t\t\t\t\t\t\t<div class=\"eae-tl-item-meta-inner\">\n\t\t\t\t\t\t\t\t\t\t\t\t15:30\t\t\t\t\t\t\t\t\t\t\t<\/div>\n\t\t\t\t\t\t\t\t\t\t\t\t\t\t\t\t\t\t\t\t<\/div>\n\t\t\t\t\t\t\t\t\t<h3 id=\"-10\" class=\"eae-tl-item-title\"><\/h3><div class=\"eae-tl-content-innner\"><p style=\"text-align: left\"><strong><span style=\"color: #f7965c\">Projetos inspiradores II: O papel da educa\u00e7\u00e3o na promo\u00e7\u00e3o da<\/span> <span style=\"color: #f7965c\">cidadania cultural<\/span> <span style=\"color: #8284c8\">| Inspiring projects II: The role of education <\/span><span style=\"color: #8284c8\">fostering cultural citizenship<\/span><\/strong><\/p><p style=\"text-align: left\"><strong><a href=\"https:\/\/oead.at\/de\/schule\/kulturvermittlung-mit-schulen\/schwerpunkte\/take-heart\" target=\"_blank\" rel=\"noopener\"><span style=\"color: #f7965c\">toma CORAGEM! Democracia, Sustentabilidade, Educa\u00e7\u00e3o Cultural (AT)<\/span><\/a><br \/><span style=\"color: #8284c8\">take HEART! Democracy, Sustainability, Cultural Education (AUT)<\/span><br \/><\/strong><a href=\"https:\/\/portosantocharter.eu\/pt\/bios\/#ulrike-gie\u00dfner-bogner\">Ulrike Gie\u00dfner-Bogner<\/a>, <span style=\"color: #f7965c\">Coordenadora da \u00c1rea Educa\u00e7\u00e3o Cultural<\/span><br \/><span style=\"color: #8284c8\">Head of Sector Cultural Education, <a href=\"https:\/\/oead.at\/en\/\" target=\"_blank\" rel=\"noopener\">OeAD<\/a><\/span><\/p><p style=\"text-align: left\"><strong><a href=\"https:\/\/www.kurybinesjungtys.lt\/en\/for-schools\/the-art-of-curiosity\/\" target=\"_blank\" rel=\"noopener\"><span style=\"color: #f7965c\">A Arte da Curiosidade (LT)<\/span><span style=\"color: #8284c8\"> | The Art of Curiosity (LTU)<\/span><\/a><br \/><\/strong><a href=\"https:\/\/portosantocharter.eu\/pt\/bios\/#milda-lauzikaite\">Milda Lau\u017eikaite<\/a>, <span style=\"color: #f7965c\">Coordenadora da Associa\u00e7\u00e3o<\/span><span style=\"color: #8284c8\">| Head of the <\/span><span style=\"color: #8284c8\">association \u201cKurybines jungtys\u201d (Creative connections)<\/span><br \/><a href=\"https:\/\/portosantocharter.eu\/pt\/bios\/#ariana-zarova\">Ariana \u017darova<\/a>, <span style=\"color: #f7965c\">Estudante<\/span><span style=\"color: #8284c8\">| Student<\/span><\/p><p style=\"text-align: left\"><strong><span style=\"color: #f7965c\">Espa\u00e7os criativos. Espa\u00e7os de cria\u00e7\u00e3o entre a inova\u00e7\u00e3o social<\/span> <span style=\"color: #f7965c\">e tecnol\u00f3gica (PL)<\/span><span style=\"color: #8284c8\"> | Creative spaces. Makerspaces between social<\/span> <span style=\"color: #8284c8\">and technological innovation (POL)<\/span><br \/><\/strong><a href=\"https:\/\/portosantocharter.eu\/pt\/bios\/#wojciech-kowalik\">Wojciech Kowalik<\/a>, <span style=\"color: #f7965c\">Professor<\/span><span style=\"color: #8284c8\"> | Professor<\/span><br \/><a href=\"https:\/\/portosantocharter.eu\/pt\/bios\/#katarzyna-hetmanczyk\">Katarzyna Hetmanczyk<\/a>, <span style=\"color: #f7965c\">Estudante<\/span><span style=\"color: #8284c8\"> | Student<\/span><\/p><p style=\"text-align: left\"><strong><span style=\"color: #f7965c\">Moderador<\/span> <span style=\"color: #8284c8\">| Moderator<\/span><br \/><\/strong><a href=\"https:\/\/portosantocharter.eu\/pt\/bios\/#charlotte-svendler-nielsen\">Charlotte Svendler Nielsen<\/a>, <span style=\"color: #f7965c\">Presidente<\/span><span style=\"color: #8284c8\"> | <a href=\"https:\/\/www.eno-net.phil.fau.eu\/\" target=\"_blank\" rel=\"noopener\">ENO<\/a> Chair<\/span><strong><br \/><\/strong><\/p><\/div>\t\t\t\t\t\t\t\t<\/div>\n\t\t\t\t\t\t\t<\/div>\n\t\t\t\t\t\t\t\t\t\t\t\t\t<\/div>\n\t\t\t\t\t\t\t\t\t\t<\/div>\n\n\t\t\t<\/div>\n\t\t\t\t\t\t\t\t\n\t\t\t\t\t\t<div id=\"7b6d4bb\" class=\"eae-timeline-item elementor-repeater-item-7b6d4bb custom-image-style-no image-position-\">\n\n\t\t\t\t<div class=\"eae-tl-item-meta-wrapper\">\n\t\t\t\t\t\n\t\t\t\t<\/div>\n\n\t\t\t\t<div class=\"eae-tl-icon-wrapper\" id=\"7b6d4bb\">\n\t\t\t\t\t\t\t\t\t<div class=\"eae-icon eae-icon-item_icon eae-icon-view-stacked eae-icon-shape-circle eae-icon-type-icon\">\n\t\t\t\t\t<div class=\"eae-icon-wrap\">\n\t\t\t\t\t\t\t\t\t\t\t\t\t\t\t\t\t\t\t\t\t\t\t\t\t<\/div>\n\t\t\t\t<\/div>\n\t\t\t\t\t\t\t\t<\/div>\n\t\t\t\t<div class=\"eae-tl-content-wrapper\">\n\t\t\t\t\t\t\t\t\t\t\t\t<div class=\"eae-tl-item-content\">\n\t\t\t\t\t\t\t\t\t\t\t\t\t\t<div class=\"eae-width-100 eae-tl-content\">\n\t\t\t\t\t\t\t\t<div class=\"eae-content-inner\">\n\t\t\t\t\t\t\t\t\t<div class=\"eae-tl-item-meta-wrapper-inner\">\n\t\t\t\t\t\t\t\t\t\t\t\t\t\t\t\t\t\t\t<\/div>\n\t\t\t\t\t\t\t\t\t<h3 id=\"-11\" class=\"eae-tl-item-title\"><\/h3><div class=\"eae-tl-content-innner\"><p style=\"text-align: left\"><strong><span style=\"color: #f7965c\">Perguntas da Audi\u00eancia<\/span><span style=\"color: #8284c8\"> | Audience Q&amp;A<\/span><\/strong><\/p><\/div>\t\t\t\t\t\t\t\t<\/div>\n\t\t\t\t\t\t\t<\/div>\n\t\t\t\t\t\t\t\t\t\t\t\t\t<\/div>\n\t\t\t\t\t\t\t\t\t\t<\/div>\n\n\t\t\t<\/div>\n\t\t\t\t\t\t\t\t\n\t\t\t\t\t\t<div id=\"4fa796c\" class=\"eae-timeline-item elementor-repeater-item-4fa796c custom-image-style-no image-position-\">\n\n\t\t\t\t<div class=\"eae-tl-item-meta-wrapper\">\n\t\t\t\t\t\t\t\t\t\t\t<div class=\"eae-tl-item-meta\">\n\t\t\t\t\t\t\t16:30\t\t\t\t\t\t<\/div>\n\t\t\t\t\t\t\n\t\t\t\t<\/div>\n\n\t\t\t\t<div class=\"eae-tl-icon-wrapper\" id=\"4fa796c\">\n\t\t\t\t\t\t\t\t\t<div class=\"eae-icon eae-icon-item_icon eae-icon-view-stacked eae-icon-shape-circle eae-icon-type-icon\">\n\t\t\t\t\t<div class=\"eae-icon-wrap\">\n\t\t\t\t\t\t\t\t\t\t\t\t\t\t\t\t\t\t\t\t\t\t\t\t\t<\/div>\n\t\t\t\t<\/div>\n\t\t\t\t\t\t\t\t<\/div>\n\t\t\t\t<div class=\"eae-tl-content-wrapper\">\n\t\t\t\t\t\t\t\t\t\t\t\t<div class=\"eae-tl-item-content\">\n\t\t\t\t\t\t\t\t\t\t\t\t\t\t<div class=\"eae-width-100 eae-tl-content\">\n\t\t\t\t\t\t\t\t<div class=\"eae-content-inner\">\n\t\t\t\t\t\t\t\t\t<div class=\"eae-tl-item-meta-wrapper-inner\">\n\t\t\t\t\t\t\t\t\t\t\t\t\t\t\t\t\t\t\t\t\t<div class=\"eae-tl-item-meta-inner\">\n\t\t\t\t\t\t\t\t\t\t\t\t16:30\t\t\t\t\t\t\t\t\t\t\t<\/div>\n\t\t\t\t\t\t\t\t\t\t\t\t\t\t\t\t\t\t\t\t<\/div>\n\t\t\t\t\t\t\t\t\t<h3 id=\"-12\" class=\"eae-tl-item-title\"><\/h3><div class=\"eae-tl-content-innner\"><p style=\"text-align: left\"><strong><span style=\"color: #f7965c\">Pausa para Caf\u00e9<\/span> <span style=\"color: #8284c8\">| Coffee break<\/span><br \/><\/strong><\/p><\/div>\t\t\t\t\t\t\t\t<\/div>\n\t\t\t\t\t\t\t<\/div>\n\t\t\t\t\t\t\t\t\t\t\t\t\t<\/div>\n\t\t\t\t\t\t\t\t\t\t<\/div>\n\n\t\t\t<\/div>\n\t\t\t\t\t\t\t\t\n\t\t\t\t\t\t<div id=\"8cbc00d\" class=\"eae-timeline-item elementor-repeater-item-8cbc00d custom-image-style-no image-position-\">\n\n\t\t\t\t<div class=\"eae-tl-item-meta-wrapper\">\n\t\t\t\t\t\t\t\t\t\t\t<div class=\"eae-tl-item-meta\">\n\t\t\t\t\t\t\t17:00\t\t\t\t\t\t<\/div>\n\t\t\t\t\t\t\n\t\t\t\t<\/div>\n\n\t\t\t\t<div class=\"eae-tl-icon-wrapper\" id=\"8cbc00d\">\n\t\t\t\t\t\t\t\t\t<div class=\"eae-icon eae-icon-item_icon eae-icon-view-stacked eae-icon-shape-circle eae-icon-type-icon\">\n\t\t\t\t\t<div class=\"eae-icon-wrap\">\n\t\t\t\t\t\t\t\t\t\t\t\t\t\t\t\t\t\t\t\t\t\t\t\t\t<\/div>\n\t\t\t\t<\/div>\n\t\t\t\t\t\t\t\t<\/div>\n\t\t\t\t<div class=\"eae-tl-content-wrapper\">\n\t\t\t\t\t\t\t\t\t\t\t\t<div class=\"eae-tl-item-content\">\n\t\t\t\t\t\t\t\t\t\t\t\t\t\t<div class=\"eae-width-100 eae-tl-content\">\n\t\t\t\t\t\t\t\t<div class=\"eae-content-inner\">\n\t\t\t\t\t\t\t\t\t<div class=\"eae-tl-item-meta-wrapper-inner\">\n\t\t\t\t\t\t\t\t\t\t\t\t\t\t\t\t\t\t\t\t\t<div class=\"eae-tl-item-meta-inner\">\n\t\t\t\t\t\t\t\t\t\t\t\t17:00\t\t\t\t\t\t\t\t\t\t\t<\/div>\n\t\t\t\t\t\t\t\t\t\t\t\t\t\t\t\t\t\t\t\t<\/div>\n\t\t\t\t\t\t\t\t\t<h3 id=\"-13\" class=\"eae-tl-item-title\"><\/h3><div class=\"eae-tl-content-innner\"><p style=\"text-align: left\"><strong><span style=\"color: #f7965c\">Conclus\u00f5es pelo grupo intergeracional de relatores<\/span><br \/><span style=\"color: #8284c8\">Conclusions by intergenerational group of rapporteurs<\/span><br \/><\/strong><a href=\"https:\/\/portosantocharter.eu\/pt\/bios\/#catherine-stilmant\">Catherine Stilmant<\/a>, <span style=\"color: #f7965c\">Diretora<\/span><span style=\"color: #8284c8\"> | Steering Director of Committee PECA<\/span> <span style=\"color: #8284c8\">Cultural and Artistic Education Pathway<\/span><br \/><a href=\"https:\/\/portosantocharter.eu\/pt\/bios\/#noa-brighenti\">Noa Brighenti<\/a>, <span style=\"color: #f7965c\">Estudante<\/span><span style=\"color: #8284c8\"> | Student<\/span><br \/><a href=\"https:\/\/portosantocharter.eu\/pt\/bios\/#karolina-rozek\">Karolina Rozek<\/a>, <span style=\"color: #f7965c\">Estudante<\/span><span style=\"color: #8284c8\">| Student<\/span><br \/><a href=\"https:\/\/portosantocharter.eu\/pt\/bios\/#ursa-strehar-bencina\">Ur\u0161a Strehar Bencina<\/a>, <span style=\"color: #f7965c\">Formadora<\/span><span style=\"color: #8284c8\"> | Artistic leader, Trainer <\/span><span style=\"color: #8284c8\">Europe Cooperation Project<\/span><\/p><\/div>\t\t\t\t\t\t\t\t<\/div>\n\t\t\t\t\t\t\t<\/div>\n\t\t\t\t\t\t\t\t\t\t\t\t\t<\/div>\n\t\t\t\t\t\t\t\t\t\t<\/div>\n\n\t\t\t<\/div>\n\t\t\t\t\t\t\t\t\n\t\t\t\t\t\t<div id=\"802f164\" class=\"eae-timeline-item elementor-repeater-item-802f164 custom-image-style-no image-position-\">\n\n\t\t\t\t<div class=\"eae-tl-item-meta-wrapper\">\n\t\t\t\t\t\t\t\t\t\t\t<div class=\"eae-tl-item-meta\">\n\t\t\t\t\t\t\t17:15\t\t\t\t\t\t<\/div>\n\t\t\t\t\t\t\n\t\t\t\t<\/div>\n\n\t\t\t\t<div class=\"eae-tl-icon-wrapper\" id=\"802f164\">\n\t\t\t\t\t\t\t\t\t<div class=\"eae-icon eae-icon-item_icon eae-icon-view-stacked eae-icon-shape-circle eae-icon-type-icon\">\n\t\t\t\t\t<div class=\"eae-icon-wrap\">\n\t\t\t\t\t\t\t\t\t\t\t\t\t\t\t\t\t\t\t\t\t\t\t\t\t<\/div>\n\t\t\t\t<\/div>\n\t\t\t\t\t\t\t\t<\/div>\n\t\t\t\t<div class=\"eae-tl-content-wrapper\">\n\t\t\t\t\t\t\t\t\t\t\t\t<div class=\"eae-tl-item-content\">\n\t\t\t\t\t\t\t\t\t\t\t\t\t\t<div class=\"eae-width-100 eae-tl-content\">\n\t\t\t\t\t\t\t\t<div class=\"eae-content-inner\">\n\t\t\t\t\t\t\t\t\t<div class=\"eae-tl-item-meta-wrapper-inner\">\n\t\t\t\t\t\t\t\t\t\t\t\t\t\t\t\t\t\t\t\t\t<div class=\"eae-tl-item-meta-inner\">\n\t\t\t\t\t\t\t\t\t\t\t\t17:15\t\t\t\t\t\t\t\t\t\t\t<\/div>\n\t\t\t\t\t\t\t\t\t\t\t\t\t\t\t\t\t\t\t\t<\/div>\n\t\t\t\t\t\t\t\t\t<h3 id=\"-14\" class=\"eae-tl-item-title\"><\/h3><div class=\"eae-tl-content-innner\"><p style=\"text-align: left\"><strong><span style=\"color: #f7965c\">Sess\u00e3o de Encerramento: Evid\u00eancias e formatos de interven\u00e7\u00e3o <\/span><span style=\"color: #f7965c\">juvenil que conduzam ao exerc\u00edcio da cultura democr\u00e1tica<\/span><br \/><span style=\"color: #8284c8\">Closing session: Evidence and formats of youth intervention<\/span> <span style=\"color: #8284c8\">that lead to the exercise of democratic culture<\/span><br \/><\/strong>Carlos Rabad\u00e3o, <span style=\"color: #f7965c\">Presidente<\/span><span style=\"color: #8284c8\"> | President of the <a href=\"https:\/\/www.ipleiria.pt\/\" target=\"_blank\" rel=\"noopener\">Polytechnic University of Leiria<\/a><\/span><br \/><span style=\"color: #f7965c\"><span style=\"color: #000000\">Paulo Silva,<\/span> Sub-diretor<\/span><span style=\"color: #8284c8\"> | <a href=\"https:\/\/www.ipleiria.pt\/esadcr\/\" target=\"_blank\" rel=\"noopener\">ESAD.CR<\/a> - <a href=\"https:\/\/www.ipleiria.pt\/\" target=\"_blank\" rel=\"noopener\">IP Leiria<\/a> Steering Committee<\/span><br \/><span style=\"color: #000000\">Viktoriia Simakova <\/span><span style=\"color: #8284c8\"> | RUN-EU Students Council<\/span><\/p><\/div>\t\t\t\t\t\t\t\t<\/div>\n\t\t\t\t\t\t\t<\/div>\n\t\t\t\t\t\t\t\t\t\t\t\t\t<\/div>\n\t\t\t\t\t\t\t\t\t\t<\/div>\n\n\t\t\t<\/div>\n\t\t\t\t\t\t\t\t\n\t\t\t\t\t\t<div id=\"7d378b4\" class=\"eae-timeline-item elementor-repeater-item-7d378b4 custom-image-style-no image-position-\">\n\n\t\t\t\t<div class=\"eae-tl-item-meta-wrapper\">\n\t\t\t\t\t\t\t\t\t\t\t<div class=\"eae-tl-item-meta\">\n\t\t\t\t\t\t\t19:30\t\t\t\t\t\t<\/div>\n\t\t\t\t\t\t\n\t\t\t\t<\/div>\n\n\t\t\t\t<div class=\"eae-tl-icon-wrapper\" id=\"7d378b4\">\n\t\t\t\t\t\t\t\t\t<div class=\"eae-icon eae-icon-item_icon eae-icon-view-stacked eae-icon-shape-circle eae-icon-type-icon\">\n\t\t\t\t\t<div class=\"eae-icon-wrap\">\n\t\t\t\t\t\t\t\t\t\t\t\t\t\t\t\t\t\t\t\t\t\t\t\t\t<\/div>\n\t\t\t\t<\/div>\n\t\t\t\t\t\t\t\t<\/div>\n\t\t\t\t<div class=\"eae-tl-content-wrapper\">\n\t\t\t\t\t\t\t\t\t\t\t\t<div class=\"eae-tl-item-content\">\n\t\t\t\t\t\t\t\t\t\t\t\t\t\t<div class=\"eae-width-100 eae-tl-content\">\n\t\t\t\t\t\t\t\t<div class=\"eae-content-inner\">\n\t\t\t\t\t\t\t\t\t<div class=\"eae-tl-item-meta-wrapper-inner\">\n\t\t\t\t\t\t\t\t\t\t\t\t\t\t\t\t\t\t\t\t\t<div class=\"eae-tl-item-meta-inner\">\n\t\t\t\t\t\t\t\t\t\t\t\t19:30\t\t\t\t\t\t\t\t\t\t\t<\/div>\n\t\t\t\t\t\t\t\t\t\t\t\t\t\t\t\t\t\t\t\t<\/div>\n\t\t\t\t\t\t\t\t\t<h3 id=\"-15\" class=\"eae-tl-item-title\"><\/h3><div class=\"eae-tl-content-innner\"><p style=\"text-align: left\"><strong><span style=\"color: #f7965c\">Festa com<\/span> | <span style=\"color: #8284c8\">Party with <span style=\"color: #000000\">Marquise, DJ Princesa e DJ At\u00ebrg<\/span><\/span><br \/><span style=\"color: #f7965c\">Curadoria de<\/span> | <span style=\"color: #8284c8\">Curated by <span style=\"color: #000000\">Plataforma KABO e C\u00e3o Tinhoso<\/span><\/span><br \/><span style=\"color: #8284c8\"><a href=\"https:\/\/www.google.com\/maps\/place\/Escola+Superior+Artes+e+Design+Upper+School+of+Arts+and+Design+-+Polit%C3%A9cnico+de+Leiria+%7C+ESAD.CR\/@39.3946205,-9.1395279,17z\/data=!4m10!1m2!2m1!1sesad+caldas+da+rainha!3m6!1s0xd18b3981cc0c1a3:0x478180b047a0675e!8m2!3d39.395131!4d-9.135493!15sChVlc2FkIGNhbGRhcyBkYSByYWluaGGSARJwb2x5dGVjaG5pY19zY2hvb2zgAQA!16s%2Fg%2F1q5br9_8f?entry=ttu\" target=\"_blank\" rel=\"noopener\">Underground ESAD.CR<\/a>-<a href=\"https:\/\/www.ipleiria.pt\/\" target=\"_blank\" rel=\"noopener\">IP Leiria<\/a><\/span><\/strong><\/p><\/div>\t\t\t\t\t\t\t\t<\/div>\n\t\t\t\t\t\t\t<\/div>\n\t\t\t\t\t\t\t\t\t\t\t\t\t<\/div>\n\t\t\t\t\t\t\t\t\t\t<\/div>\n\n\t\t\t<\/div>\n\t\t\t\t\t\t<\/section>\n\n\t\t\t\t\t\t<\/div>\n\t\t\t\t<\/div>\n\t\t\t\t\t<\/div>\n\t\t<\/div>\n\t\t\t\t\t<\/div>\n\t\t<\/section>\n\t\t\t\t<section class=\"has_eae_slider elementor-section elementor-top-section elementor-element elementor-element-4f1e1f9 elementor-section-stretched elementor-section-boxed elementor-section-height-default elementor-section-height-default wpr-particle-no wpr-jarallax-no wpr-parallax-no wpr-sticky-section-no wpr-equal-height-no\" data-eae-slider=\"16343\" data-id=\"4f1e1f9\" data-element_type=\"section\" data-e-type=\"section\" data-settings=\"{&quot;stretch_section&quot;:&quot;section-stretched&quot;}\">\n\t\t\t\t\t\t<div class=\"elementor-container elementor-column-gap-default\">\n\t\t\t\t\t<div class=\"has_eae_slider elementor-column elementor-col-100 elementor-top-column elementor-element elementor-element-a158be7\" data-eae-slider=\"59974\" data-id=\"a158be7\" data-element_type=\"column\" data-e-type=\"column\">\n\t\t\t<div class=\"elementor-widget-wrap elementor-element-populated\">\n\t\t\t\t\t\t<div class=\"elementor-element elementor-element-665d682 elementor-widget elementor-widget-image\" data-id=\"665d682\" data-element_type=\"widget\" data-e-type=\"widget\" data-widget_type=\"image.default\">\n\t\t\t\t<div class=\"elementor-widget-container\">\n\t\t\t\t\t\t\t\t\t\t\t\t\t\t\t<img loading=\"lazy\" decoding=\"async\" data-attachment-id=\"4472\" data-permalink=\"https:\/\/portosantocharter.eu\/pt\/conference-programme\/14-novembro\/\" data-orig-file=\"https:\/\/i0.wp.com\/portosantocharter.eu\/wp-content\/uploads\/2023\/10\/14-novembro.png?fit=1598%2C242&amp;ssl=1\" data-orig-size=\"1598,242\" data-comments-opened=\"0\" data-image-meta=\"{&quot;aperture&quot;:&quot;0&quot;,&quot;credit&quot;:&quot;&quot;,&quot;camera&quot;:&quot;&quot;,&quot;caption&quot;:&quot;&quot;,&quot;created_timestamp&quot;:&quot;0&quot;,&quot;copyright&quot;:&quot;&quot;,&quot;focal_length&quot;:&quot;0&quot;,&quot;iso&quot;:&quot;0&quot;,&quot;shutter_speed&quot;:&quot;0&quot;,&quot;title&quot;:&quot;&quot;,&quot;orientation&quot;:&quot;0&quot;}\" data-image-title=\"14-novembro\" data-image-description=\"\" data-image-caption=\"\" data-large-file=\"https:\/\/i0.wp.com\/portosantocharter.eu\/wp-content\/uploads\/2023\/10\/14-novembro.png?fit=1024%2C155&amp;ssl=1\" width=\"1598\" height=\"242\" src=\"https:\/\/i0.wp.com\/portosantocharter.eu\/wp-content\/uploads\/2023\/10\/14-novembro.png?fit=1598%2C242&amp;ssl=1\" class=\"attachment-full size-full wp-image-4472\" alt=\"\" srcset=\"https:\/\/i0.wp.com\/portosantocharter.eu\/wp-content\/uploads\/2023\/10\/14-novembro.png?w=1598&amp;ssl=1 1598w, https:\/\/i0.wp.com\/portosantocharter.eu\/wp-content\/uploads\/2023\/10\/14-novembro.png?resize=300%2C45&amp;ssl=1 300w, https:\/\/i0.wp.com\/portosantocharter.eu\/wp-content\/uploads\/2023\/10\/14-novembro.png?resize=1024%2C155&amp;ssl=1 1024w, https:\/\/i0.wp.com\/portosantocharter.eu\/wp-content\/uploads\/2023\/10\/14-novembro.png?resize=768%2C116&amp;ssl=1 768w, https:\/\/i0.wp.com\/portosantocharter.eu\/wp-content\/uploads\/2023\/10\/14-novembro.png?resize=1536%2C233&amp;ssl=1 1536w, https:\/\/i0.wp.com\/portosantocharter.eu\/wp-content\/uploads\/2023\/10\/14-novembro.png?resize=1200%2C182&amp;ssl=1 1200w\" sizes=\"(max-width: 1200px) 100vw, 1200px\" \/>\t\t\t\t\t\t\t\t\t\t\t\t\t\t\t<\/div>\n\t\t\t\t<\/div>\n\t\t\t\t\t<\/div>\n\t\t<\/div>\n\t\t\t\t\t<\/div>\n\t\t<\/section>\n\t\t\t\t<section class=\"has_eae_slider elementor-section elementor-top-section elementor-element elementor-element-c0941f1 elementor-section-stretched elementor-section-boxed elementor-section-height-default elementor-section-height-default wpr-particle-no wpr-jarallax-no wpr-parallax-no wpr-sticky-section-no wpr-equal-height-no\" data-eae-slider=\"57112\" data-id=\"c0941f1\" data-element_type=\"section\" data-e-type=\"section\" data-settings=\"{&quot;stretch_section&quot;:&quot;section-stretched&quot;}\">\n\t\t\t\t\t\t<div class=\"elementor-container elementor-column-gap-no\">\n\t\t\t\t\t<div class=\"has_eae_slider elementor-column elementor-col-100 elementor-top-column elementor-element elementor-element-7c1d034\" data-eae-slider=\"33781\" data-id=\"7c1d034\" data-element_type=\"column\" data-e-type=\"column\">\n\t\t\t<div class=\"elementor-widget-wrap elementor-element-populated\">\n\t\t\t\t\t\t<div class=\"elementor-element elementor-element-5cef161 image-position-column elementor-widget elementor-widget-eae-timeline\" data-id=\"5cef161\" data-element_type=\"widget\" data-e-type=\"widget\" data-widget_type=\"eae-timeline.skin1\">\n\t\t\t\t<div class=\"elementor-widget-container\">\n\t\t\t\t\t\t\t<section data-layout=\"left\" data-top-offset=\"200\" class=\"eae-layout-left eae-timeline eae-timeline-alternate-no eae-tl-center\">\n\t\t\t<div class=\"eae-timline-progress-bar\">\n\t\t\t\t<div class='eae-pb-inner-line'><\/div>\n\t\t\t<\/div>\n\n\t\t\t\n\t\t\t\t\t\t\t\t\n\t\t\t\t\t\t<div id=\"7450e95\" class=\"eae-timeline-item elementor-repeater-item-7450e95 custom-image-style-no image-position-\">\n\n\t\t\t\t<div class=\"eae-tl-item-meta-wrapper\">\n\t\t\t\t\t\t\t\t\t\t\t<div class=\"eae-tl-item-meta\">\n\t\t\t\t\t\t\t09:30\t\t\t\t\t\t<\/div>\n\t\t\t\t\t\t\n\t\t\t\t<\/div>\n\n\t\t\t\t<div class=\"eae-tl-icon-wrapper\" id=\"7450e95\">\n\t\t\t\t\t\t\t\t\t<div class=\"eae-icon eae-icon-item_icon eae-icon-view-stacked eae-icon-shape-circle eae-icon-type-icon\">\n\t\t\t\t\t<div class=\"eae-icon-wrap\">\n\t\t\t\t\t\t\t\t\t\t\t\t\t\t\t\t\t\t\t\t\t\t\t\t\t<\/div>\n\t\t\t\t<\/div>\n\t\t\t\t\t\t\t\t<\/div>\n\t\t\t\t<div class=\"eae-tl-content-wrapper\">\n\t\t\t\t\t\t\t\t\t\t\t\t<div class=\"eae-tl-item-content\">\n\t\t\t\t\t\t\t\t\t\t\t\t\t\t<div class=\"eae-width-100 eae-tl-content\">\n\t\t\t\t\t\t\t\t<div class=\"eae-content-inner\">\n\t\t\t\t\t\t\t\t\t<div class=\"eae-tl-item-meta-wrapper-inner\">\n\t\t\t\t\t\t\t\t\t\t\t\t\t\t\t\t\t\t\t\t\t<div class=\"eae-tl-item-meta-inner\">\n\t\t\t\t\t\t\t\t\t\t\t\t09:30\t\t\t\t\t\t\t\t\t\t\t<\/div>\n\t\t\t\t\t\t\t\t\t\t\t\t\t\t\t\t\t\t\t\t<\/div>\n\t\t\t\t\t\t\t\t\t<h3 id=\"-16\" class=\"eae-tl-item-title\"><\/h3><div class=\"eae-tl-content-innner\"><p style=\"text-align: left\"><strong><span style=\"color: #f7965c\">Introdu\u00e7\u00e3o e Boas-vindas<\/span> <span style=\"color: #8284c8\">| Introduction and Welcome<\/span><\/strong><br \/><strong><span style=\"color: #f7965c\">C\u00e1tedra <a href=\"https:\/\/www.unesco.org\/en\/frameworkcultureartseducation?hub=71580\/\" target=\"_blank\" rel=\"noopener\">UNESCO<\/a> em Gest\u00e3o das Artes e da Cultura, <\/span><\/strong><strong><span style=\"color: #f7965c\">Cidades e Criatividade<\/span> <span style=\"color: #8284c8\">| <a href=\"https:\/\/www.unesco.org\/en\/frameworkcultureartseducation?hub=71580\/\" target=\"_blank\" rel=\"noopener\">UNESCO<\/a> Chair in Arts and Culture <\/span><\/strong><strong><span style=\"color: #8284c8\">Management, Cities and Creativity, <a href=\"https:\/\/www.ipleiria.pt\/\" target=\"_blank\" rel=\"noopener\">Polytechnic University of Leiria<\/a><\/span><\/strong><br \/>Jo\u00e3o dos Santos, <span style=\"color: #f7965c\">Titular da C\u00e1tedra<\/span> <span style=\"color: #8284c8\">| <a href=\"https:\/\/www.unesco.org\/en\/frameworkcultureartseducation?hub=71580\/\" target=\"_blank\" rel=\"noopener\">UNESCO<\/a> Chair Holder<\/span><br \/><a href=\"https:\/\/portosantocharter.eu\/pt\/bios\/#ligia-afonso\">L\u00edgia Afonso<\/a>, <span style=\"color: #f7965c\">Coordenadora T\u00e9cnico-Cient\u00edfica da C\u00e1tedra<\/span> <span style=\"color: #8284c8\">|<\/span> <span style=\"color: #8284c8\"><a style=\"color: #8284c8\" href=\"https:\/\/www.unesco.org\/en\/frameworkcultureartseducation?hub=71580\/\" target=\"_blank\" rel=\"noopener\">UNESCO<\/a> Chair Coordinator<\/span><\/p><p style=\"text-align: left\"><span style=\"color: #f7965c\"><strong>Promover a participa\u00e7\u00e3o cultural \u2013 O percurso da Funda\u00e7\u00e3o <\/strong><\/span><strong><span style=\"color: #f7965c\">Calouste Gulbenkian<\/span> <span style=\"color: #8284c8\">| Promoting cultural participation \u2013 <\/span><\/strong><span style=\"color: #8284c8\"><strong>The Calouste Gulbenkian Foundation\u2019s journey<\/strong><\/span><br \/>Lu\u00eds Jer\u00f3nimo, <span style=\"color: #f7965c\">Diretor <\/span><span style=\"color: #8284c8\">| Director of the <a href=\"https:\/\/gulbenkian.pt\/en\/initiatives\/sustainable-development-programme\/\" target=\"_blank\" rel=\"noopener\">Gulbenkian<\/a><\/span><span style=\"color: #8284c8\"> Sustainable <\/span><span style=\"color: #8284c8\">Development Programme<\/span><\/p><p style=\"text-align: left\"><span style=\"color: #f7965c\"><strong>Pol\u00edticas <a href=\"https:\/\/www.unesco.org\/en\/frameworkcultureartseducation?hub=71580\/\" target=\"_blank\" rel=\"noopener\">UNESCO<\/a> \u2013 O futuro Quadro da UNESCO <\/strong><\/span><strong><span style=\"color: #f7965c\">para a Cultura e a Educa\u00e7\u00e3o Art\u00edstica<\/span> <span style=\"color: #8284c8\">| <a href=\"https:\/\/www.unesco.org\/en\/frameworkcultureartseducation?hub=71580\/\" target=\"_blank\" rel=\"noopener\">UNESCO<\/a> Policies \u2013 <\/span><\/strong><span style=\"color: #8284c8\"><strong>The forthcoming <a href=\"https:\/\/www.unesco.org\/en\/frameworkcultureartseducation?hub=71580\/\" target=\"_blank\" rel=\"noopener\">UNESCO <\/a>Framework for Culture and <\/strong><\/span><span style=\"color: #8284c8\"><strong>Arts Education<\/strong><\/span><br \/>Ernesto Ottone, <span style=\"color: #f7965c\">Diretor Adjunto <\/span><span style=\"color: #8284c8\">| Assistant Director-General <\/span><span style=\"color: #8284c8\">for Culture of <a href=\"https:\/\/www.unesco.org\/en\/frameworkcultureartseducation?hub=71580\/\" target=\"_blank\" rel=\"noopener\">UNESCO<\/a><\/span><\/p><\/div>\t\t\t\t\t\t\t\t<\/div>\n\t\t\t\t\t\t\t<\/div>\n\t\t\t\t\t\t\t\t\t\t\t\t\t<\/div>\n\t\t\t\t\t\t\t\t\t\t<\/div>\n\n\t\t\t<\/div>\n\t\t\t\t\t\t\t\t\n\t\t\t\t\t\t<div id=\"79c450a\" class=\"eae-timeline-item elementor-repeater-item-79c450a custom-image-style-no image-position-\">\n\n\t\t\t\t<div class=\"eae-tl-item-meta-wrapper\">\n\t\t\t\t\t\t\t\t\t\t\t<div class=\"eae-tl-item-meta\">\n\t\t\t\t\t\t\t10:15\t\t\t\t\t\t<\/div>\n\t\t\t\t\t\t\n\t\t\t\t<\/div>\n\n\t\t\t\t<div class=\"eae-tl-icon-wrapper\" id=\"79c450a\">\n\t\t\t\t\t\t\t\t\t<div class=\"eae-icon eae-icon-item_icon eae-icon-view-stacked eae-icon-shape-circle eae-icon-type-icon\">\n\t\t\t\t\t<div class=\"eae-icon-wrap\">\n\t\t\t\t\t\t\t\t\t\t\t\t\t\t\t\t\t\t\t\t\t\t\t\t\t<\/div>\n\t\t\t\t<\/div>\n\t\t\t\t\t\t\t\t<\/div>\n\t\t\t\t<div class=\"eae-tl-content-wrapper\">\n\t\t\t\t\t\t\t\t\t\t\t\t<div class=\"eae-tl-item-content\">\n\t\t\t\t\t\t\t\t\t\t\t\t\t\t<div class=\"eae-width-100 eae-tl-content\">\n\t\t\t\t\t\t\t\t<div class=\"eae-content-inner\">\n\t\t\t\t\t\t\t\t\t<div class=\"eae-tl-item-meta-wrapper-inner\">\n\t\t\t\t\t\t\t\t\t\t\t\t\t\t\t\t\t\t\t\t\t<div class=\"eae-tl-item-meta-inner\">\n\t\t\t\t\t\t\t\t\t\t\t\t10:15\t\t\t\t\t\t\t\t\t\t\t<\/div>\n\t\t\t\t\t\t\t\t\t\t\t\t\t\t\t\t\t\t\t\t<\/div>\n\t\t\t\t\t\t\t\t\t<h3 id=\"-17\" class=\"eae-tl-item-title\"><\/h3><div class=\"eae-tl-content-innner\"><p style=\"text-align: left\"><strong><span style=\"color: #f7965c\">Ouvir os jovens. O que prop\u00f5em?<\/span><\/strong><br \/><span style=\"color: #8284c8\"><strong>Listening to young people. What are they proposing?<\/strong><\/span><\/p><p style=\"text-align: left\"><span style=\"color: #f7965c\"><strong>Apresenta\u00e7\u00e3o da metodologia, do processo e dos resultados <\/strong><\/span><strong><span style=\"color: #f7965c\">da consulta<\/span> <span style=\"color: #8284c8\">| Presentation of the consultation methodology, <\/span><\/strong><span style=\"color: #8284c8\"><strong>process and results<\/strong><\/span><br \/><a href=\"https:\/\/portosantocharter.eu\/pt\/bios\/#carlota-quintao\">Carlota Quint\u00e3o<\/a>, <span style=\"color: #f7965c\">Diretora<\/span><span style=\"color: #8284c8\">| Director <\/span><span style=\"color: #8284c8\"><a href=\"http:\/\/a3s.webnode.pt\" target=\"_blank\" rel=\"noopener\">A3S<\/a><\/span><\/p><p style=\"text-align: left\"><strong><span style=\"color: #f7965c\">V\u00eddeo document\u00e1rio<\/span> <span style=\"color: #8284c8\">| Video Documentary by Casota Collective<\/span><\/strong><br \/><span style=\"color: #f7965c\"><strong>Resumo dos resultados dos workshops em Portugal, Eslov\u00e9nia, <\/strong><\/span><strong><span style=\"color: #f7965c\">Pol\u00f3nia \/ Ucr\u00e2nia<\/span> <span style=\"color: #8284c8\">| Overview of the workshop outcomes from <\/span><\/strong><span style=\"color: #8284c8\"><strong>Portugal, Eslov\u00e9nia, Pol\u00f3nia \/ Ucr\u00e2nia<\/strong><\/span><br \/><a href=\"https:\/\/portosantocharter.eu\/pt\/bios\/#ligia-ferro\">L\u00edgia Ferro<\/a>, <span style=\"color: #f7965c\">Professora<\/span> <span style=\"color: #8284c8\">| Professor<\/span><br \/><a href=\"https:\/\/portosantocharter.eu\/pt\/bios\/#luisa-veloso\">Lu\u00edsa Veloso<\/a>, <span style=\"color: #f7965c\">Professora<\/span><span style=\"color: #8284c8\"> | Professor<\/span><\/p><\/div>\t\t\t\t\t\t\t\t<\/div>\n\t\t\t\t\t\t\t<\/div>\n\t\t\t\t\t\t\t\t\t\t\t\t\t<\/div>\n\t\t\t\t\t\t\t\t\t\t<\/div>\n\n\t\t\t<\/div>\n\t\t\t\t\t\t\t\t\n\t\t\t\t\t\t<div id=\"b8e286d\" class=\"eae-timeline-item elementor-repeater-item-b8e286d custom-image-style-no image-position-\">\n\n\t\t\t\t<div class=\"eae-tl-item-meta-wrapper\">\n\t\t\t\t\t\t\t\t\t\t\t<div class=\"eae-tl-item-meta\">\n\t\t\t\t\t\t\t10:45\t\t\t\t\t\t<\/div>\n\t\t\t\t\t\t\n\t\t\t\t<\/div>\n\n\t\t\t\t<div class=\"eae-tl-icon-wrapper\" id=\"b8e286d\">\n\t\t\t\t\t\t\t\t\t<div class=\"eae-icon eae-icon-item_icon eae-icon-view-stacked eae-icon-shape-circle eae-icon-type-icon\">\n\t\t\t\t\t<div class=\"eae-icon-wrap\">\n\t\t\t\t\t\t\t\t\t\t\t\t\t\t\t\t\t\t\t\t\t\t\t\t\t<\/div>\n\t\t\t\t<\/div>\n\t\t\t\t\t\t\t\t<\/div>\n\t\t\t\t<div class=\"eae-tl-content-wrapper\">\n\t\t\t\t\t\t\t\t\t\t\t\t<div class=\"eae-tl-item-content\">\n\t\t\t\t\t\t\t\t\t\t\t\t\t\t<div class=\"eae-width-100 eae-tl-content\">\n\t\t\t\t\t\t\t\t<div class=\"eae-content-inner\">\n\t\t\t\t\t\t\t\t\t<div class=\"eae-tl-item-meta-wrapper-inner\">\n\t\t\t\t\t\t\t\t\t\t\t\t\t\t\t\t\t\t\t\t\t<div class=\"eae-tl-item-meta-inner\">\n\t\t\t\t\t\t\t\t\t\t\t\t10:45\t\t\t\t\t\t\t\t\t\t\t<\/div>\n\t\t\t\t\t\t\t\t\t\t\t\t\t\t\t\t\t\t\t\t<\/div>\n\t\t\t\t\t\t\t\t\t<h3 id=\"-18\" class=\"eae-tl-item-title\"><\/h3><div class=\"eae-tl-content-innner\"><p style=\"text-align: left\"><strong><span style=\"color: #f7965c\">Pausa para Caf\u00e9<\/span> <span style=\"color: #8284c8\">| Coffee break<\/span><\/strong><\/p><\/div>\t\t\t\t\t\t\t\t<\/div>\n\t\t\t\t\t\t\t<\/div>\n\t\t\t\t\t\t\t\t\t\t\t\t\t<\/div>\n\t\t\t\t\t\t\t\t\t\t<\/div>\n\n\t\t\t<\/div>\n\t\t\t\t\t\t\t\t\n\t\t\t\t\t\t<div id=\"e35fe9b\" class=\"eae-timeline-item elementor-repeater-item-e35fe9b custom-image-style-no image-position-\">\n\n\t\t\t\t<div class=\"eae-tl-item-meta-wrapper\">\n\t\t\t\t\t\t\t\t\t\t\t<div class=\"eae-tl-item-meta\">\n\t\t\t\t\t\t\t11:00\t\t\t\t\t\t<\/div>\n\t\t\t\t\t\t\n\t\t\t\t<\/div>\n\n\t\t\t\t<div class=\"eae-tl-icon-wrapper\" id=\"e35fe9b\">\n\t\t\t\t\t\t\t\t\t<div class=\"eae-icon eae-icon-item_icon eae-icon-view-stacked eae-icon-shape-circle eae-icon-type-icon\">\n\t\t\t\t\t<div class=\"eae-icon-wrap\">\n\t\t\t\t\t\t\t\t\t\t\t\t\t\t\t\t\t\t\t\t\t\t\t\t\t<\/div>\n\t\t\t\t<\/div>\n\t\t\t\t\t\t\t\t<\/div>\n\t\t\t\t<div class=\"eae-tl-content-wrapper\">\n\t\t\t\t\t\t\t\t\t\t\t\t<div class=\"eae-tl-item-content\">\n\t\t\t\t\t\t\t\t\t\t\t\t\t\t<div class=\"eae-width-100 eae-tl-content\">\n\t\t\t\t\t\t\t\t<div class=\"eae-content-inner\">\n\t\t\t\t\t\t\t\t\t<div class=\"eae-tl-item-meta-wrapper-inner\">\n\t\t\t\t\t\t\t\t\t\t\t\t\t\t\t\t\t\t\t\t\t<div class=\"eae-tl-item-meta-inner\">\n\t\t\t\t\t\t\t\t\t\t\t\t11:00\t\t\t\t\t\t\t\t\t\t\t<\/div>\n\t\t\t\t\t\t\t\t\t\t\t\t\t\t\t\t\t\t\t\t<\/div>\n\t\t\t\t\t\t\t\t\t<h3 id=\"-19\" class=\"eae-tl-item-title\"><\/h3><div class=\"eae-tl-content-innner\"><p style=\"text-align: left\"><strong><span style=\"color: #f7965c\">Mesa-redonda: Como o podemos fazer juntos?<\/span><br \/><span style=\"color: #8284c8\">Round table: How can we do it together?<\/span><br \/><\/strong><a href=\"https:\/\/portosantocharter.eu\/pt\/bios\/#joanna-orlik\">Joanna Orlik<\/a>, <span style=\"color: #f7965c\">Diretora<\/span><span style=\"color: #8284c8\">| Director <a href=\"https:\/\/mik.krakow.pl\/en\/\" target=\"_blank\" rel=\"noopener\">Ma\u0142opolska Institute <\/a><\/span><span style=\"color: #8284c8\">of Culture in Krakow<\/span><br \/><a href=\"https:\/\/portosantocharter.eu\/pt\/bios\/#karolina-rozek\">Karolina Rozek<\/a>, <span style=\"color: #f7965c\">Estudante<\/span><span style=\"color: #8284c8\"> | Student<\/span><br \/>Maria de Assis, <span style=\"color: #f7965c\">Diretora-Adjunta<\/span><span style=\"color: #8284c8\"> | Deputy Director Gulbenkian<\/span> <span style=\"color: #8284c8\">Culture Programme FCG<\/span><br \/>Tom\u00e1s L\u00facio, <span style=\"color: #f7965c\">Estudante<\/span><span style=\"color: #8284c8\"> | Student<\/span><br \/><a href=\"https:\/\/portosantocharter.eu\/pt\/bios\/#ursa-strehar-bencina\">Ur\u0161a Strehar Bencina<\/a>, <span style=\"color: #f7965c\">Formadora<\/span> <span style=\"color: #8284c8\">| Artistic leader, Trainer <\/span><span style=\"color: #8284c8\">Europe Cooperation Project<\/span><br \/><a href=\"https:\/\/portosantocharter.eu\/pt\/bios\/#yurii-matus\">Yurii Matus<\/a>, <span style=\"color: #f7965c\">Estudante<\/span><span style=\"color: #8284c8\"> | Student<\/span><br \/><a href=\"https:\/\/portosantocharter.eu\/pt\/bios\/#katarina-sebok\">Katarina \u0160eb\u00f6k<\/a>, <span style=\"color: #f7965c\">Estudante<\/span><span style=\"color: #8284c8\"> | Student<\/span><\/p><p style=\"text-align: left\"><strong><span style=\"color: #f7965c\">Moderadores<\/span> <span style=\"color: #8284c8\">| Moderators<\/span><br \/><\/strong><a href=\"https:\/\/portosantocharter.eu\/pt\/bios\/#ines-camara\">In\u00eas C\u00e2mara<\/a>, <span style=\"color: #f7965c\">Presidente<\/span><span style=\"color: #8284c8\"> | President <a href=\"https:\/\/cultureactioneurope.org\/\" target=\"_blank\" rel=\"noopener\">Culture Action Europe<\/a><\/span><br \/><a href=\"https:\/\/portosantocharter.eu\/pt\/bios\/#sara-brighenti\">Sara Brighenti<\/a>, <span style=\"color: #f7965c\">Subcomiss\u00e1ria<\/span><span style=\"color: #8284c8\"> | Deputy Commissioner PNA<\/span><\/p><\/div>\t\t\t\t\t\t\t\t<\/div>\n\t\t\t\t\t\t\t<\/div>\n\t\t\t\t\t\t\t\t\t\t\t\t\t<\/div>\n\t\t\t\t\t\t\t\t\t\t<\/div>\n\n\t\t\t<\/div>\n\t\t\t\t\t\t\t\t\n\t\t\t\t\t\t<div id=\"a9dc8a3\" class=\"eae-timeline-item elementor-repeater-item-a9dc8a3 custom-image-style-no image-position-\">\n\n\t\t\t\t<div class=\"eae-tl-item-meta-wrapper\">\n\t\t\t\t\t\n\t\t\t\t<\/div>\n\n\t\t\t\t<div class=\"eae-tl-icon-wrapper\" id=\"a9dc8a3\">\n\t\t\t\t\t\t\t\t\t<div class=\"eae-icon eae-icon-item_icon eae-icon-view-stacked eae-icon-shape-circle eae-icon-type-icon\">\n\t\t\t\t\t<div class=\"eae-icon-wrap\">\n\t\t\t\t\t\t\t\t\t\t\t\t\t\t\t\t\t\t\t\t\t\t\t\t\t<\/div>\n\t\t\t\t<\/div>\n\t\t\t\t\t\t\t\t<\/div>\n\t\t\t\t<div class=\"eae-tl-content-wrapper\">\n\t\t\t\t\t\t\t\t\t\t\t\t<div class=\"eae-tl-item-content\">\n\t\t\t\t\t\t\t\t\t\t\t\t\t\t<div class=\"eae-width-100 eae-tl-content\">\n\t\t\t\t\t\t\t\t<div class=\"eae-content-inner\">\n\t\t\t\t\t\t\t\t\t<div class=\"eae-tl-item-meta-wrapper-inner\">\n\t\t\t\t\t\t\t\t\t\t\t\t\t\t\t\t\t\t\t<\/div>\n\t\t\t\t\t\t\t\t\t<h3 id=\"-20\" class=\"eae-tl-item-title\"><\/h3><div class=\"eae-tl-content-innner\"><p style=\"text-align: left\"><strong><span style=\"color: #f7965c\">Perguntas da Audi\u00eancia<\/span><span style=\"color: #8284c8\"> | Audience Q&amp;A<\/span><\/strong><\/p><\/div>\t\t\t\t\t\t\t\t<\/div>\n\t\t\t\t\t\t\t<\/div>\n\t\t\t\t\t\t\t\t\t\t\t\t\t<\/div>\n\t\t\t\t\t\t\t\t\t\t<\/div>\n\n\t\t\t<\/div>\n\t\t\t\t\t\t\t\t\n\t\t\t\t\t\t<div id=\"9f80529\" class=\"eae-timeline-item elementor-repeater-item-9f80529 custom-image-style-no image-position-\">\n\n\t\t\t\t<div class=\"eae-tl-item-meta-wrapper\">\n\t\t\t\t\t\t\t\t\t\t\t<div class=\"eae-tl-item-meta\">\n\t\t\t\t\t\t\t12:00\t\t\t\t\t\t<\/div>\n\t\t\t\t\t\t\n\t\t\t\t<\/div>\n\n\t\t\t\t<div class=\"eae-tl-icon-wrapper\" id=\"9f80529\">\n\t\t\t\t\t\t\t\t\t<div class=\"eae-icon eae-icon-item_icon eae-icon-view-stacked eae-icon-shape-circle eae-icon-type-icon\">\n\t\t\t\t\t<div class=\"eae-icon-wrap\">\n\t\t\t\t\t\t\t\t\t\t\t\t\t\t\t\t\t\t\t\t\t\t\t\t\t<\/div>\n\t\t\t\t<\/div>\n\t\t\t\t\t\t\t\t<\/div>\n\t\t\t\t<div class=\"eae-tl-content-wrapper\">\n\t\t\t\t\t\t\t\t\t\t\t\t<div class=\"eae-tl-item-content\">\n\t\t\t\t\t\t\t\t\t\t\t\t\t\t<div class=\"eae-width-100 eae-tl-content\">\n\t\t\t\t\t\t\t\t<div class=\"eae-content-inner\">\n\t\t\t\t\t\t\t\t\t<div class=\"eae-tl-item-meta-wrapper-inner\">\n\t\t\t\t\t\t\t\t\t\t\t\t\t\t\t\t\t\t\t\t\t<div class=\"eae-tl-item-meta-inner\">\n\t\t\t\t\t\t\t\t\t\t\t\t12:00\t\t\t\t\t\t\t\t\t\t\t<\/div>\n\t\t\t\t\t\t\t\t\t\t\t\t\t\t\t\t\t\t\t\t<\/div>\n\t\t\t\t\t\t\t\t\t<h3 id=\"-21\" class=\"eae-tl-item-title\"><\/h3><div class=\"eae-tl-content-innner\"><p style=\"text-align: left\"><span style=\"color: #f7965c\"><strong>Pr\u00f3ximos passos: Desenhar a adenda jovem \u00e0 Carta do <\/strong><\/span><strong><span style=\"color: #f7965c\">Porto Santo<\/span> <span style=\"color: #8284c8\">| What\u2019s next? Designing the addendum of <\/span><\/strong><span style=\"color: #8284c8\"><strong>the Porto Santo Charter by young people<\/strong><\/span><br \/><a href=\"https:\/\/portosantocharter.eu\/pt\/bios\/#sara-brighenti\">Sara Brighenti<\/a>, <span style=\"color: #f7965c\">Subcomiss\u00e1ria <\/span><span style=\"color: #8284c8\">| Deputy Commissioner PNA<\/span><\/p><\/div>\t\t\t\t\t\t\t\t<\/div>\n\t\t\t\t\t\t\t<\/div>\n\t\t\t\t\t\t\t\t\t\t\t\t\t<\/div>\n\t\t\t\t\t\t\t\t\t\t<\/div>\n\n\t\t\t<\/div>\n\t\t\t\t\t\t\t\t\n\t\t\t\t\t\t<div id=\"9fb042e\" class=\"eae-timeline-item elementor-repeater-item-9fb042e custom-image-style-no image-position-\">\n\n\t\t\t\t<div class=\"eae-tl-item-meta-wrapper\">\n\t\t\t\t\t\t\t\t\t\t\t<div class=\"eae-tl-item-meta\">\n\t\t\t\t\t\t\t12:15\t\t\t\t\t\t<\/div>\n\t\t\t\t\t\t\n\t\t\t\t<\/div>\n\n\t\t\t\t<div class=\"eae-tl-icon-wrapper\" id=\"9fb042e\">\n\t\t\t\t\t\t\t\t\t<div class=\"eae-icon eae-icon-item_icon eae-icon-view-stacked eae-icon-shape-circle eae-icon-type-icon\">\n\t\t\t\t\t<div class=\"eae-icon-wrap\">\n\t\t\t\t\t\t\t\t\t\t\t\t\t\t\t\t\t\t\t\t\t\t\t\t\t<\/div>\n\t\t\t\t<\/div>\n\t\t\t\t\t\t\t\t<\/div>\n\t\t\t\t<div class=\"eae-tl-content-wrapper\">\n\t\t\t\t\t\t\t\t\t\t\t\t<div class=\"eae-tl-item-content\">\n\t\t\t\t\t\t\t\t\t\t\t\t\t\t<div class=\"eae-width-100 eae-tl-content\">\n\t\t\t\t\t\t\t\t<div class=\"eae-content-inner\">\n\t\t\t\t\t\t\t\t\t<div class=\"eae-tl-item-meta-wrapper-inner\">\n\t\t\t\t\t\t\t\t\t\t\t\t\t\t\t\t\t\t\t\t\t<div class=\"eae-tl-item-meta-inner\">\n\t\t\t\t\t\t\t\t\t\t\t\t12:15\t\t\t\t\t\t\t\t\t\t\t<\/div>\n\t\t\t\t\t\t\t\t\t\t\t\t\t\t\t\t\t\t\t\t<\/div>\n\t\t\t\t\t\t\t\t\t<h3 id=\"-22\" class=\"eae-tl-item-title\"><\/h3><div class=\"eae-tl-content-innner\"><p style=\"text-align: left\"><strong><span style=\"color: #f7965c\">Conclus\u00f5es do relat\u00f3rio da Comiss\u00e3o Europeia <em>Cultura e <\/em><\/span><em><span style=\"color: #f7965c\">Democracia: A evid\u00eancia \u2013 Como a participa\u00e7\u00e3o cultural dos <\/span><span style=\"color: #f7965c\">cidad\u00e3os em atividades culturais refor\u00e7a o empenho c\u00edvico,<\/span> <span style=\"color: #f7965c\">a democracia e a coes\u00e3o social<\/span><\/em><span style=\"color: #8284c8\"> | Insights from the <a href=\"https:\/\/ec.europa.eu\/migrant-integration\/system\/files\/2023-06\/culture%20and%20democracy%20the%20evidence-NC0822225ENN.pdf\" target=\"_blank\" rel=\"noopener\">European <\/a><\/span><span style=\"color: #8284c8\">Commission\u2019s report Culture and Democracy: The evidence \u2013 <\/span><span style=\"color: #8284c8\">How citizens\u2019 participation in cultural activities enhances civic <\/span><span style=\"color: #8284c8\">engagement, democracy and social cohesion<\/span><\/strong><\/p><p style=\"text-align: left\"><strong><span style=\"color: #f7965c\">E agora? Cultura e democracia no <a href=\"https:\/\/charter-alliance.eu\/eu-work-plan-2023-2026\/\" target=\"_blank\" rel=\"noopener\">Plano de Trabalho da UE <\/a><\/span><span style=\"color: #f7965c\">para a Cultura 2023-2026<\/span> | <span style=\"color: #8284c8\">What next? Culture and democracy<\/span> <span style=\"color: #8284c8\">in the the <a href=\"https:\/\/charter-alliance.eu\/eu-work-plan-2023-2026\/\" target=\"_blank\" rel=\"noopener\">EU Work Plan for Culture 2023-2026<\/a> <\/span><br \/><\/strong><a href=\"https:\/\/portosantocharter.eu\/pt\/bios\/#angelos-angalianos\">Angelos Agalianos<\/a>, <a href=\"https:\/\/commission.europa.eu\/about-european-commission\/departments-and-executive-agencies\/education-youth-sport-and-culture_pt\" target=\"_blank\" rel=\"noopener\"><span style=\"color: #f7965c\">Comiss\u00e3o Europeia - DG Educa\u00e7\u00e3o, Juventude,<\/span><\/a><span style=\"color: #f7965c\">Desporto e Cultura<\/span> | <span style=\"color: #8284c8\">European Commission \u2013 DG Education, Youth, Sport and Culture<\/span><strong><br \/><\/strong><\/p><\/div>\t\t\t\t\t\t\t\t<\/div>\n\t\t\t\t\t\t\t<\/div>\n\t\t\t\t\t\t\t\t\t\t\t\t\t<\/div>\n\t\t\t\t\t\t\t\t\t\t<\/div>\n\n\t\t\t<\/div>\n\t\t\t\t\t\t\t\t\n\t\t\t\t\t\t<div id=\"9437166\" class=\"eae-timeline-item elementor-repeater-item-9437166 custom-image-style-no image-position-\">\n\n\t\t\t\t<div class=\"eae-tl-item-meta-wrapper\">\n\t\t\t\t\t\n\t\t\t\t<\/div>\n\n\t\t\t\t<div class=\"eae-tl-icon-wrapper\" id=\"9437166\">\n\t\t\t\t\t\t\t\t\t<div class=\"eae-icon eae-icon-item_icon eae-icon-view-stacked eae-icon-shape-circle eae-icon-type-icon\">\n\t\t\t\t\t<div class=\"eae-icon-wrap\">\n\t\t\t\t\t\t\t\t\t\t\t\t\t\t\t\t\t\t\t\t\t\t\t\t\t<\/div>\n\t\t\t\t<\/div>\n\t\t\t\t\t\t\t\t<\/div>\n\t\t\t\t<div class=\"eae-tl-content-wrapper\">\n\t\t\t\t\t\t\t\t\t\t\t\t<div class=\"eae-tl-item-content\">\n\t\t\t\t\t\t\t\t\t\t\t\t\t\t<div class=\"eae-width-100 eae-tl-content\">\n\t\t\t\t\t\t\t\t<div class=\"eae-content-inner\">\n\t\t\t\t\t\t\t\t\t<div class=\"eae-tl-item-meta-wrapper-inner\">\n\t\t\t\t\t\t\t\t\t\t\t\t\t\t\t\t\t\t\t<\/div>\n\t\t\t\t\t\t\t\t\t<h3 id=\"-23\" class=\"eae-tl-item-title\"><\/h3><div class=\"eae-tl-content-innner\"><p style=\"text-align: left\"><strong><span style=\"color: #f7965c\">Perguntas da Audi\u00eancia<\/span> <span style=\"color: #8284c8\">| Audience Q&amp;A<\/span><br \/><\/strong><\/p><\/div>\t\t\t\t\t\t\t\t<\/div>\n\t\t\t\t\t\t\t<\/div>\n\t\t\t\t\t\t\t\t\t\t\t\t\t<\/div>\n\t\t\t\t\t\t\t\t\t\t<\/div>\n\n\t\t\t<\/div>\n\t\t\t\t\t\t\t\t\n\t\t\t\t\t\t<div id=\"7d1ba03\" class=\"eae-timeline-item elementor-repeater-item-7d1ba03 custom-image-style-no image-position-\">\n\n\t\t\t\t<div class=\"eae-tl-item-meta-wrapper\">\n\t\t\t\t\t\t\t\t\t\t\t<div class=\"eae-tl-item-meta\">\n\t\t\t\t\t\t\t12:45\t\t\t\t\t\t<\/div>\n\t\t\t\t\t\t\n\t\t\t\t<\/div>\n\n\t\t\t\t<div class=\"eae-tl-icon-wrapper\" id=\"7d1ba03\">\n\t\t\t\t\t\t\t\t\t<div class=\"eae-icon eae-icon-item_icon eae-icon-view-stacked eae-icon-shape-circle eae-icon-type-icon\">\n\t\t\t\t\t<div class=\"eae-icon-wrap\">\n\t\t\t\t\t\t\t\t\t\t\t\t\t\t\t\t\t\t\t\t\t\t\t\t\t<\/div>\n\t\t\t\t<\/div>\n\t\t\t\t\t\t\t\t<\/div>\n\t\t\t\t<div class=\"eae-tl-content-wrapper\">\n\t\t\t\t\t\t\t\t\t\t\t\t<div class=\"eae-tl-item-content\">\n\t\t\t\t\t\t\t\t\t\t\t\t\t\t<div class=\"eae-width-100 eae-tl-content\">\n\t\t\t\t\t\t\t\t<div class=\"eae-content-inner\">\n\t\t\t\t\t\t\t\t\t<div class=\"eae-tl-item-meta-wrapper-inner\">\n\t\t\t\t\t\t\t\t\t\t\t\t\t\t\t\t\t\t\t\t\t<div class=\"eae-tl-item-meta-inner\">\n\t\t\t\t\t\t\t\t\t\t\t\t12:45\t\t\t\t\t\t\t\t\t\t\t<\/div>\n\t\t\t\t\t\t\t\t\t\t\t\t\t\t\t\t\t\t\t\t<\/div>\n\t\t\t\t\t\t\t\t\t<h3 id=\"-24\" class=\"eae-tl-item-title\"><\/h3><div class=\"eae-tl-content-innner\"><p style=\"text-align: left\"><strong><span style=\"color: #f7965c\">Encerramento<\/span> <span style=\"color: #8284c8\">| Closing<\/span><br \/><\/strong>Pedro Ad\u00e3o e Silva, <span style=\"color: #f7965c\">Ministro da Cultura <\/span><span style=\"color: #8284c8\">| Minister of Culture<\/span><\/p><\/div>\t\t\t\t\t\t\t\t<\/div>\n\t\t\t\t\t\t\t<\/div>\n\t\t\t\t\t\t\t\t\t\t\t\t\t<\/div>\n\t\t\t\t\t\t\t\t\t\t<\/div>\n\n\t\t\t<\/div>\n\t\t\t\t\t\t\t\t\n\t\t\t\t\t\t<div id=\"051753a\" class=\"eae-timeline-item elementor-repeater-item-051753a custom-image-style-no image-position-\">\n\n\t\t\t\t<div class=\"eae-tl-item-meta-wrapper\">\n\t\t\t\t\t\t\t\t\t\t\t<div class=\"eae-tl-item-meta\">\n\t\t\t\t\t\t\t13:00\t\t\t\t\t\t<\/div>\n\t\t\t\t\t\t\n\t\t\t\t<\/div>\n\n\t\t\t\t<div class=\"eae-tl-icon-wrapper\" id=\"051753a\">\n\t\t\t\t\t\t\t\t\t<div class=\"eae-icon eae-icon-item_icon eae-icon-view-stacked eae-icon-shape-circle eae-icon-type-icon\">\n\t\t\t\t\t<div class=\"eae-icon-wrap\">\n\t\t\t\t\t\t\t\t\t\t\t\t\t\t\t\t\t\t\t\t\t\t\t\t\t<\/div>\n\t\t\t\t<\/div>\n\t\t\t\t\t\t\t\t<\/div>\n\t\t\t\t<div class=\"eae-tl-content-wrapper\">\n\t\t\t\t\t\t\t\t\t\t\t\t<div class=\"eae-tl-item-content\">\n\t\t\t\t\t\t\t\t\t\t\t\t\t\t<div class=\"eae-width-100 eae-tl-content\">\n\t\t\t\t\t\t\t\t<div class=\"eae-content-inner\">\n\t\t\t\t\t\t\t\t\t<div class=\"eae-tl-item-meta-wrapper-inner\">\n\t\t\t\t\t\t\t\t\t\t\t\t\t\t\t\t\t\t\t\t\t<div class=\"eae-tl-item-meta-inner\">\n\t\t\t\t\t\t\t\t\t\t\t\t13:00\t\t\t\t\t\t\t\t\t\t\t<\/div>\n\t\t\t\t\t\t\t\t\t\t\t\t\t\t\t\t\t\t\t\t<\/div>\n\t\t\t\t\t\t\t\t\t<h3 id=\"-25\" class=\"eae-tl-item-title\"><\/h3><div class=\"eae-tl-content-innner\"><p style=\"text-align: left\"><strong><span style=\"color: #f7965c\">Pausa para Almo\u00e7o<\/span><span style=\"color: #8284c8\"> | Lunch break<\/span><br \/><\/strong><\/p><\/div>\t\t\t\t\t\t\t\t<\/div>\n\t\t\t\t\t\t\t<\/div>\n\t\t\t\t\t\t\t\t\t\t\t\t\t<\/div>\n\t\t\t\t\t\t\t\t\t\t<\/div>\n\n\t\t\t<\/div>\n\t\t\t\t\t\t\t\t\n\t\t\t\t\t\t<div id=\"66920d1\" class=\"eae-timeline-item elementor-repeater-item-66920d1 custom-image-style-no image-position-\">\n\n\t\t\t\t<div class=\"eae-tl-item-meta-wrapper\">\n\t\t\t\t\t\t\t\t\t\t\t<div class=\"eae-tl-item-meta\">\n\t\t\t\t\t\t\t15:00\t\t\t\t\t\t<\/div>\n\t\t\t\t\t\t\n\t\t\t\t<\/div>\n\n\t\t\t\t<div class=\"eae-tl-icon-wrapper\" id=\"66920d1\">\n\t\t\t\t\t\t\t\t\t<div class=\"eae-icon eae-icon-item_icon eae-icon-view-stacked eae-icon-shape-circle eae-icon-type-icon\">\n\t\t\t\t\t<div class=\"eae-icon-wrap\">\n\t\t\t\t\t\t\t\t\t\t\t\t\t\t\t\t\t\t\t\t\t\t\t\t\t<\/div>\n\t\t\t\t<\/div>\n\t\t\t\t\t\t\t\t<\/div>\n\t\t\t\t<div class=\"eae-tl-content-wrapper\">\n\t\t\t\t\t\t\t\t\t\t\t\t<div class=\"eae-tl-item-content\">\n\t\t\t\t\t\t\t\t\t\t\t\t\t\t<div class=\"eae-width-100 eae-tl-content\">\n\t\t\t\t\t\t\t\t<div class=\"eae-content-inner\">\n\t\t\t\t\t\t\t\t\t<div class=\"eae-tl-item-meta-wrapper-inner\">\n\t\t\t\t\t\t\t\t\t\t\t\t\t\t\t\t\t\t\t\t\t<div class=\"eae-tl-item-meta-inner\">\n\t\t\t\t\t\t\t\t\t\t\t\t15:00\t\t\t\t\t\t\t\t\t\t\t<\/div>\n\t\t\t\t\t\t\t\t\t\t\t\t\t\t\t\t\t\t\t\t<\/div>\n\t\t\t\t\t\t\t\t\t<h3 id=\"-26\" class=\"eae-tl-item-title\"><\/h3><div class=\"eae-tl-content-innner\"><p style=\"text-align: left\"><strong><span style=\"color: #f7965c\">Programa cultural: Maratona na cidade por ateli\u00eas de artistas e <\/span><span style=\"color: #f7965c\">centros culturais<\/span> <span style=\"color: #8284c8\">| Cultural Programme: Artist studios and <\/span><span style=\"color: #8284c8\">cultural centers marathon in the city<\/span><\/strong><\/p><p style=\"text-align: left\"><strong><span style=\"color: #f7965c\">Curadoria estudantes licenciatura em Programa\u00e7\u00e3o e Produ\u00e7\u00e3o Cultural <\/span><span style=\"color: #8284c8\">| Cultural Programming and Production Graduation Students Curatorship<\/span><br \/><span style=\"color: #8284c8\"><a href=\"https:\/\/www.ipleiria.pt\/esadcr\/\" target=\"_blank\" rel=\"noopener\">ESAD.CR<\/a>-<a href=\"https:\/\/www.ipleiria.pt\/\" target=\"_blank\" rel=\"noopener\">IPLeiria<\/a><\/span><\/strong><\/p><\/div>\t\t\t\t\t\t\t\t<\/div>\n\t\t\t\t\t\t\t<\/div>\n\t\t\t\t\t\t\t\t\t\t\t\t\t<\/div>\n\t\t\t\t\t\t\t\t\t\t<\/div>\n\n\t\t\t<\/div>\n\t\t\t\t\t\t\t\t\n\t\t\t\t\t\t<div id=\"3ed31fe\" class=\"eae-timeline-item elementor-repeater-item-3ed31fe custom-image-style-no image-position-\">\n\n\t\t\t\t<div class=\"eae-tl-item-meta-wrapper\">\n\t\t\t\t\t\t\t\t\t\t\t<div class=\"eae-tl-item-meta\">\n\t\t\t\t\t\t\t17:15\t\t\t\t\t\t<\/div>\n\t\t\t\t\t\t\n\t\t\t\t<\/div>\n\n\t\t\t\t<div class=\"eae-tl-icon-wrapper\" id=\"3ed31fe\">\n\t\t\t\t\t\t\t\t\t<div class=\"eae-icon eae-icon-item_icon eae-icon-view-stacked eae-icon-shape-circle eae-icon-type-icon\">\n\t\t\t\t\t<div class=\"eae-icon-wrap\">\n\t\t\t\t\t\t\t\t\t\t\t\t\t\t\t\t\t\t\t\t\t\t\t\t\t<\/div>\n\t\t\t\t<\/div>\n\t\t\t\t\t\t\t\t<\/div>\n\t\t\t\t<div class=\"eae-tl-content-wrapper\">\n\t\t\t\t\t\t\t\t\t\t\t\t<div class=\"eae-tl-item-content\">\n\t\t\t\t\t\t\t\t\t\t\t\t\t\t<div class=\"eae-width-100 eae-tl-content\">\n\t\t\t\t\t\t\t\t<div class=\"eae-content-inner\">\n\t\t\t\t\t\t\t\t\t<div class=\"eae-tl-item-meta-wrapper-inner\">\n\t\t\t\t\t\t\t\t\t\t\t\t\t\t\t\t\t\t\t\t\t<div class=\"eae-tl-item-meta-inner\">\n\t\t\t\t\t\t\t\t\t\t\t\t17:15\t\t\t\t\t\t\t\t\t\t\t<\/div>\n\t\t\t\t\t\t\t\t\t\t\t\t\t\t\t\t\t\t\t\t<\/div>\n\t\t\t\t\t\t\t\t\t<h3 id=\"-27\" class=\"eae-tl-item-title\"><\/h3><div class=\"eae-tl-content-innner\"><p style=\"text-align: left\"><strong><span style=\"color: #8284c8\"><span style=\"color: #f7965c\">Porto de honra<\/span> | Cocktail<\/span><br \/><span style=\"color: #f7965c\">Centro de Artes das Caldas da Rainha<\/span><br \/><\/strong><\/p><\/div>\t\t\t\t\t\t\t\t<\/div>\n\t\t\t\t\t\t\t<\/div>\n\t\t\t\t\t\t\t\t\t\t\t\t\t<\/div>\n\t\t\t\t\t\t\t\t\t\t<\/div>\n\n\t\t\t<\/div>\n\t\t\t\t\t\t<\/section>\n\n\t\t\t\t\t\t<\/div>\n\t\t\t\t<\/div>\n\t\t\t\t\t<\/div>\n\t\t<\/div>\n\t\t\t\t\t<\/div>\n\t\t<\/section>\n\t\t\t\t<section class=\"has_eae_slider elementor-section elementor-top-section elementor-element elementor-element-c81ce13 elementor-section-stretched elementor-section-boxed elementor-section-height-default elementor-section-height-default wpr-particle-no wpr-jarallax-no wpr-parallax-no wpr-sticky-section-no wpr-equal-height-no\" data-eae-slider=\"70058\" data-id=\"c81ce13\" data-element_type=\"section\" data-e-type=\"section\" data-settings=\"{&quot;stretch_section&quot;:&quot;section-stretched&quot;}\">\n\t\t\t\t\t\t<div class=\"elementor-container elementor-column-gap-default\">\n\t\t\t\t\t<div class=\"has_eae_slider elementor-column elementor-col-100 elementor-top-column elementor-element elementor-element-d3a4e20\" data-eae-slider=\"79910\" data-id=\"d3a4e20\" data-element_type=\"column\" data-e-type=\"column\">\n\t\t\t<div class=\"elementor-widget-wrap elementor-element-populated\">\n\t\t\t\t\t\t<section class=\"has_eae_slider elementor-section elementor-inner-section elementor-element elementor-element-9450d97 elementor-section-boxed elementor-section-height-default elementor-section-height-default wpr-particle-no wpr-jarallax-no wpr-parallax-no wpr-sticky-section-no wpr-equal-height-no\" data-eae-slider=\"17489\" data-id=\"9450d97\" data-element_type=\"section\" data-e-type=\"section\">\n\t\t\t\t\t\t<div class=\"elementor-container elementor-column-gap-default\">\n\t\t\t\t\t<div class=\"has_eae_slider elementor-column elementor-col-50 elementor-inner-column elementor-element elementor-element-eaad65f\" data-eae-slider=\"14194\" data-id=\"eaad65f\" data-element_type=\"column\" data-e-type=\"column\">\n\t\t\t<div class=\"elementor-widget-wrap elementor-element-populated\">\n\t\t\t\t\t\t<div class=\"elementor-element elementor-element-13cf00e elementor-widget elementor-widget-text-editor\" data-id=\"13cf00e\" data-element_type=\"widget\" data-e-type=\"widget\" data-widget_type=\"text-editor.default\">\n\t\t\t\t<div class=\"elementor-widget-container\">\n\t\t\t\t\t\t\t\t\t<p style=\"text-align: left;\"><strong><span style=\"color: #f7965c;\">Acr\u00f3nimos <\/span><span style=\"color: #8284c8;\">| Acronyms<\/span><\/strong><br \/><a href=\"https:\/\/www.pna.gov.pt\/\" target=\"_blank\" rel=\"noopener\"><span style=\"color: #8284c8;\">PNA \u2013 National Plan for the Arts<\/span><\/a><br \/><a href=\"https:\/\/www.eno-net.phil.fau.eu\/\" target=\"_blank\" rel=\"noopener\"><span style=\"color: #8284c8;\">ENO \u2013 European Network of Observatories in the Field of Arts and<\/span><\/a><br \/><span style=\"color: #8284c8;\">Cultural Education<\/span><br \/><a href=\"https:\/\/gestaodasartes.ipleiria.pt\/\" target=\"_blank\" rel=\"noopener\"><span style=\"color: #8284c8;\">ESAD.CR-IPLeiria \u2013 School of Arts and Design \u2013 Polytechnic University of Leiria<\/span><\/a><br \/><a href=\"https:\/\/gulbenkian.pt\/en\/\" target=\"_blank\" rel=\"noopener\"><span style=\"color: #8284c8;\">FCG &#8211; Calouste Gulbenkian Foundation<\/span><\/a><br \/><a href=\"https:\/\/gestaodasartes.ipleiria.pt\/\" target=\"_blank\" rel=\"noopener\"><span style=\"color: #8284c8;\">UNESCO Chair in Arts and Culture Management, Cities and Creativity \u2013 Polytechnic<\/span><\/a><br \/><span style=\"color: #8284c8;\">University of Leiria<\/span><br \/><a href=\"https:\/\/oead.at\/en\/\" target=\"_blank\" rel=\"noopener\"><span style=\"color: #8284c8;\">OeAD \u2013 Austrian\u2019s Agency for Education and Internationalisation<\/span><\/a><br \/><a href=\"https:\/\/www.peca.be\/\" target=\"_blank\" rel=\"noopener\"><span style=\"color: #8284c8;\">PECA \u2013 Parcours d\u2019\u00c9ducation Culturelle et Artistique<\/span><\/a><\/p>\t\t\t\t\t\t\t\t<\/div>\n\t\t\t\t<\/div>\n\t\t\t\t\t<\/div>\n\t\t<\/div>\n\t\t\t\t<div class=\"has_eae_slider elementor-column elementor-col-50 elementor-inner-column elementor-element elementor-element-32b7c44\" data-eae-slider=\"22235\" data-id=\"32b7c44\" data-element_type=\"column\" data-e-type=\"column\">\n\t\t\t<div class=\"elementor-widget-wrap elementor-element-populated\">\n\t\t\t\t\t\t<div class=\"elementor-element elementor-element-925ac7c elementor-widget elementor-widget-text-editor\" data-id=\"925ac7c\" data-element_type=\"widget\" data-e-type=\"widget\" data-widget_type=\"text-editor.default\">\n\t\t\t\t<div class=\"elementor-widget-container\">\n\t\t\t\t\t\t\t\t\t<p style=\"text-align: left;\"><strong><span style=\"color: #f7965c;\">Apoio \u00e0 produ\u00e7\u00e3o, programa art\u00edstico, cenografia de palco,<\/span><\/strong><br \/><span style=\"color: #f7965c;\"><strong>exposi\u00e7\u00e3o de cartazes:<\/strong><\/span><br \/><span style=\"color: #8284c8;\"><strong>Production assistance, artistic programme, stage design, poster exhibition:<\/strong><\/span><br \/><strong><span style=\"color: #f7965c;\">Estudantes<\/span><span style=\"color: #8284c8;\"> | Students <a href=\"https:\/\/www.ipleiria.pt\/esadcr\/\" target=\"_blank\" rel=\"noopener\">ESAD.CR<\/a> &#8211; <a href=\"https:\/\/www.ipleiria.pt\/\" target=\"_blank\" rel=\"noopener\">IPLeiria<\/a><\/span><\/strong><br \/><strong><span style=\"color: #f7965c;\">Apoio \u00e0 comunica\u00e7\u00e3o e redes sociais<\/span> <span style=\"color: #8284c8;\">| Social media communication support:<\/span><\/strong><br \/><strong><span style=\"color: #f7965c;\">Estudantes<\/span><span style=\"color: #8284c8;\"> | Students ESECS-<a href=\"https:\/\/www.ipleiria.pt\/\" target=\"_blank\" rel=\"noopener\">IPLeiria<\/a><\/span><\/strong><\/p>\t\t\t\t\t\t\t\t<\/div>\n\t\t\t\t<\/div>\n\t\t\t\t\t<\/div>\n\t\t<\/div>\n\t\t\t\t\t<\/div>\n\t\t<\/section>\n\t\t\t\t\t<\/div>\n\t\t<\/div>\n\t\t\t\t\t<\/div>\n\t\t<\/section>\n\t\t\t\t<section class=\"has_eae_slider elementor-section elementor-top-section elementor-element elementor-element-7622c603 elementor-section-stretched elementor-section-boxed elementor-section-height-default elementor-section-height-default wpr-particle-no wpr-jarallax-no wpr-parallax-no wpr-sticky-section-no wpr-equal-height-no\" data-eae-slider=\"15830\" data-id=\"7622c603\" data-element_type=\"section\" data-e-type=\"section\" data-settings=\"{&quot;stretch_section&quot;:&quot;section-stretched&quot;,&quot;background_background&quot;:&quot;classic&quot;}\">\n\t\t\t\t\t\t<div class=\"elementor-container elementor-column-gap-no\">\n\t\t\t\t\t<div class=\"has_eae_slider elementor-column elementor-col-100 elementor-top-column elementor-element elementor-element-7b2e9511\" data-eae-slider=\"30046\" data-id=\"7b2e9511\" data-element_type=\"column\" data-e-type=\"column\">\n\t\t\t<div class=\"elementor-widget-wrap elementor-element-populated\">\n\t\t\t\t\t\t<div class=\"elementor-element elementor-element-3059bca5 elementor-widget elementor-widget-text-editor\" data-id=\"3059bca5\" data-element_type=\"widget\" data-e-type=\"widget\" data-widget_type=\"text-editor.default\">\n\t\t\t\t<div class=\"elementor-widget-container\">\n\t\t\t\t\t\t\t\t\t<p>ORGANIZATION<\/p>\t\t\t\t\t\t\t\t<\/div>\n\t\t\t\t<\/div>\n\t\t\t\t<div class=\"elementor-element elementor-element-6424d01c elementor-widget elementor-widget-image\" data-id=\"6424d01c\" data-element_type=\"widget\" data-e-type=\"widget\" data-widget_type=\"image.default\">\n\t\t\t\t<div class=\"elementor-widget-container\">\n\t\t\t\t\t\t\t\t\t\t\t\t\t\t\t<img loading=\"lazy\" decoding=\"async\" data-attachment-id=\"4194\" data-permalink=\"https:\/\/portosantocharter.eu\/pt\/organizacao-novo-layout\/\" data-orig-file=\"https:\/\/i0.wp.com\/portosantocharter.eu\/wp-content\/uploads\/2023\/10\/organizacao-novo-layout.png?fit=1399%2C110&amp;ssl=1\" data-orig-size=\"1399,110\" data-comments-opened=\"0\" data-image-meta=\"{&quot;aperture&quot;:&quot;0&quot;,&quot;credit&quot;:&quot;&quot;,&quot;camera&quot;:&quot;&quot;,&quot;caption&quot;:&quot;&quot;,&quot;created_timestamp&quot;:&quot;0&quot;,&quot;copyright&quot;:&quot;&quot;,&quot;focal_length&quot;:&quot;0&quot;,&quot;iso&quot;:&quot;0&quot;,&quot;shutter_speed&quot;:&quot;0&quot;,&quot;title&quot;:&quot;&quot;,&quot;orientation&quot;:&quot;0&quot;}\" data-image-title=\"organiza\u00e7\u00e3o-novo-layout\" data-image-description=\"\" data-image-caption=\"\" data-large-file=\"https:\/\/i0.wp.com\/portosantocharter.eu\/wp-content\/uploads\/2023\/10\/organizacao-novo-layout.png?fit=1024%2C81&amp;ssl=1\" width=\"1024\" height=\"81\" src=\"https:\/\/i0.wp.com\/portosantocharter.eu\/wp-content\/uploads\/2023\/10\/organizacao-novo-layout.png?fit=1024%2C81&amp;ssl=1\" class=\"attachment-large size-large wp-image-4194\" alt=\"\" srcset=\"https:\/\/i0.wp.com\/portosantocharter.eu\/wp-content\/uploads\/2023\/10\/organizacao-novo-layout.png?w=1399&amp;ssl=1 1399w, https:\/\/i0.wp.com\/portosantocharter.eu\/wp-content\/uploads\/2023\/10\/organizacao-novo-layout.png?resize=300%2C24&amp;ssl=1 300w, https:\/\/i0.wp.com\/portosantocharter.eu\/wp-content\/uploads\/2023\/10\/organizacao-novo-layout.png?resize=1024%2C81&amp;ssl=1 1024w, https:\/\/i0.wp.com\/portosantocharter.eu\/wp-content\/uploads\/2023\/10\/organizacao-novo-layout.png?resize=768%2C60&amp;ssl=1 768w, https:\/\/i0.wp.com\/portosantocharter.eu\/wp-content\/uploads\/2023\/10\/organizacao-novo-layout.png?resize=1200%2C94&amp;ssl=1 1200w\" sizes=\"(max-width: 1024px) 100vw, 1024px\" \/>\t\t\t\t\t\t\t\t\t\t\t\t\t\t\t<\/div>\n\t\t\t\t<\/div>\n\t\t\t\t<div class=\"elementor-element elementor-element-cf87627 elementor-widget elementor-widget-text-editor\" data-id=\"cf87627\" data-element_type=\"widget\" data-e-type=\"widget\" data-widget_type=\"text-editor.default\">\n\t\t\t\t<div class=\"elementor-widget-container\">\n\t\t\t\t\t\t\t\t\t<p>PARTNERS<\/p>\t\t\t\t\t\t\t\t<\/div>\n\t\t\t\t<\/div>\n\t\t\t\t<div class=\"elementor-element elementor-element-4291cf9f elementor-widget elementor-widget-image\" data-id=\"4291cf9f\" data-element_type=\"widget\" data-e-type=\"widget\" data-widget_type=\"image.default\">\n\t\t\t\t<div class=\"elementor-widget-container\">\n\t\t\t\t\t\t\t\t\t\t\t\t\t\t\t<img loading=\"lazy\" decoding=\"async\" data-attachment-id=\"4195\" data-permalink=\"https:\/\/portosantocharter.eu\/pt\/parceiros-novo-layout\/\" data-orig-file=\"https:\/\/i0.wp.com\/portosantocharter.eu\/wp-content\/uploads\/2023\/10\/parceiros-novo-layout.png?fit=1396%2C108&amp;ssl=1\" data-orig-size=\"1396,108\" data-comments-opened=\"0\" data-image-meta=\"{&quot;aperture&quot;:&quot;0&quot;,&quot;credit&quot;:&quot;&quot;,&quot;camera&quot;:&quot;&quot;,&quot;caption&quot;:&quot;&quot;,&quot;created_timestamp&quot;:&quot;0&quot;,&quot;copyright&quot;:&quot;&quot;,&quot;focal_length&quot;:&quot;0&quot;,&quot;iso&quot;:&quot;0&quot;,&quot;shutter_speed&quot;:&quot;0&quot;,&quot;title&quot;:&quot;&quot;,&quot;orientation&quot;:&quot;0&quot;}\" data-image-title=\"parceiros-novo-layout\" data-image-description=\"\" data-image-caption=\"\" data-large-file=\"https:\/\/i0.wp.com\/portosantocharter.eu\/wp-content\/uploads\/2023\/10\/parceiros-novo-layout.png?fit=1024%2C79&amp;ssl=1\" width=\"1024\" height=\"79\" src=\"https:\/\/i0.wp.com\/portosantocharter.eu\/wp-content\/uploads\/2023\/10\/parceiros-novo-layout.png?fit=1024%2C79&amp;ssl=1\" class=\"attachment-large size-large wp-image-4195\" alt=\"\" srcset=\"https:\/\/i0.wp.com\/portosantocharter.eu\/wp-content\/uploads\/2023\/10\/parceiros-novo-layout.png?w=1396&amp;ssl=1 1396w, https:\/\/i0.wp.com\/portosantocharter.eu\/wp-content\/uploads\/2023\/10\/parceiros-novo-layout.png?resize=300%2C23&amp;ssl=1 300w, https:\/\/i0.wp.com\/portosantocharter.eu\/wp-content\/uploads\/2023\/10\/parceiros-novo-layout.png?resize=1024%2C79&amp;ssl=1 1024w, https:\/\/i0.wp.com\/portosantocharter.eu\/wp-content\/uploads\/2023\/10\/parceiros-novo-layout.png?resize=768%2C59&amp;ssl=1 768w, https:\/\/i0.wp.com\/portosantocharter.eu\/wp-content\/uploads\/2023\/10\/parceiros-novo-layout.png?resize=1200%2C93&amp;ssl=1 1200w\" sizes=\"(max-width: 1024px) 100vw, 1024px\" \/>\t\t\t\t\t\t\t\t\t\t\t\t\t\t\t<\/div>\n\t\t\t\t<\/div>\n\t\t\t\t\t<\/div>\n\t\t<\/div>\n\t\t\t\t\t<\/div>\n\t\t<\/section>\n\t\t\t\t<\/div>","protected":false},"excerpt":{"rendered":"<p>09:30 09:30 Introdu\u00e7\u00e3o e Boas-vindas | Introduction and WelcomePlano Nacional das Artes | National Plan for the ArtsSara Brighenti, Subcomiss\u00e1ria | Deputy CommissionerPaulo Pires do Vale, Comiss\u00e1rio | Commissioner Sess\u00e3o de Abertura: De que modo as quest\u00f5es da confer\u00eancia se cruzam com as pol\u00edticas institucionais?Opening Session: How conference issues intersect with institutional policies? C\u00e2mara Municipal das Caldas da RainhaCaldas da Rainha MunicipalityV\u00edtor Marques, Presidente | PresidentMaria da Concei\u00e7\u00e3o Henriques, Vereadora| Councilor of Education and CultureEuropean Network of Observatories in the Field of Artsand Cultural EducationCharlotte Svendler Nielsen, Presidente | Chair Plano Nacional das Artes | National Plan for the ArtsPaulo Pires do Vale, Comiss\u00e1rio |<\/p>","protected":false},"author":46133109,"featured_media":0,"parent":0,"menu_order":0,"comment_status":"closed","ping_status":"closed","template":"","meta":{"_coblocks_attr":"","_coblocks_dimensions":"","_coblocks_responsive_height":"","_coblocks_accordion_ie_support":"","_crdt_document":"","site-sidebar-layout":"no-sidebar","site-content-layout":null,"ast-site-content-layout":"full-width-container","site-content-style":"unboxed","site-sidebar-style":"unboxed","ast-global-header-display":"","ast-banner-title-visibility":"","ast-main-header-display":"","ast-hfb-above-header-display":"","ast-hfb-below-header-display":"","ast-hfb-mobile-header-display":"","site-post-title":"disabled","ast-breadcrumbs-content":"","ast-featured-img":"disabled","footer-sml-layout":"","theme-transparent-header-meta":"","adv-header-id-meta":null,"stick-header-meta":null,"header-above-stick-meta":null,"header-main-stick-meta":null,"header-below-stick-meta":null,"astra-migrate-meta-layouts":"set","ast-page-background-enabled":"default","ast-page-background-meta":{"desktop":{"background-color":"","background-image":"","background-repeat":"repeat","background-position":"center center","background-size":"auto","background-attachment":"scroll","background-type":"","background-media":"","overlay-type":"","overlay-color":"","overlay-gradient":""},"tablet":{"background-color":"","background-image":"","background-repeat":"repeat","background-position":"center center","background-size":"auto","background-attachment":"scroll","background-type":"","background-media":"","overlay-type":"","overlay-color":"","overlay-gradient":""},"mobile":{"background-color":"","background-image":"","background-repeat":"repeat","background-position":"center center","background-size":"auto","background-attachment":"scroll","background-type":"","background-media":"","overlay-type":"","overlay-color":"","overlay-gradient":""}},"ast-content-background-meta":{"desktop":{"background-color":"var(--ast-global-color-5)","background-image":"","background-repeat":"repeat","background-position":"center center","background-size":"auto","background-attachment":"scroll","background-type":"","background-media":"","overlay-type":"","overlay-color":"","overlay-gradient":""},"tablet":{"background-color":"var(--ast-global-color-5)","background-image":"","background-repeat":"repeat","background-position":"center center","background-size":"auto","background-attachment":"scroll","background-type":"","background-media":"","overlay-type":"","overlay-color":"","overlay-gradient":""},"mobile":{"background-color":"var(--ast-global-color-5)","background-image":"","background-repeat":"repeat","background-position":"center center","background-size":"auto","background-attachment":"scroll","background-type":"","background-media":"","overlay-type":"","overlay-color":"","overlay-gradient":""}},"advanced_seo_description":"","jetpack_seo_html_title":"","jetpack_seo_noindex":false,"footnotes":""},"class_list":["post-4418","page","type-page","status-publish","hentry"],"jetpack_shortlink":"https:\/\/wp.me\/PcOAqI-19g","jetpack_sharing_enabled":true,"_links":{"self":[{"href":"https:\/\/portosantocharter.eu\/pt\/wp-json\/wp\/v2\/pages\/4418","targetHints":{"allow":["GET"]}}],"collection":[{"href":"https:\/\/portosantocharter.eu\/pt\/wp-json\/wp\/v2\/pages"}],"about":[{"href":"https:\/\/portosantocharter.eu\/pt\/wp-json\/wp\/v2\/types\/page"}],"author":[{"embeddable":true,"href":"https:\/\/portosantocharter.eu\/pt\/wp-json\/wp\/v2\/users\/46133109"}],"replies":[{"embeddable":true,"href":"https:\/\/portosantocharter.eu\/pt\/wp-json\/wp\/v2\/comments?post=4418"}],"version-history":[{"count":100,"href":"https:\/\/portosantocharter.eu\/pt\/wp-json\/wp\/v2\/pages\/4418\/revisions"}],"predecessor-version":[{"id":7373,"href":"https:\/\/portosantocharter.eu\/pt\/wp-json\/wp\/v2\/pages\/4418\/revisions\/7373"}],"wp:attachment":[{"href":"https:\/\/portosantocharter.eu\/pt\/wp-json\/wp\/v2\/media?parent=4418"}],"curies":[{"name":"wp","href":"https:\/\/api.w.org\/{rel}","templated":true}]}}